{"id":662,"date":"2024-01-25T08:58:17","date_gmt":"2024-01-25T07:58:17","guid":{"rendered":"https:\/\/www.ifema.es\/fruit-attraction-sao-paulo\/?page_id=662"},"modified":"2026-02-04T21:49:02","modified_gmt":"2026-02-04T20:49:02","slug":"press-releases","status":"publish","type":"page","link":"https:\/\/www.ifema.es\/fruit-attraction-sao-paulo\/press-releases\/","title":{"rendered":"Release"},"content":{"rendered":"\t\t<div data-elementor-type=\"wp-page\" data-elementor-id=\"662\" class=\"elementor elementor-662\">\n\t\t\t\t<div class=\"elementor-element elementor-element-879b997 e-flex e-con-boxed e-con e-parent\" data-id=\"879b997\" data-element_type=\"container\">\n\t\t\t\t\t<div class=\"e-con-inner\">\n\t\t\t\t<div class=\"elementor-element elementor-element-a0792f1 elementor-grid-eael-col-4 elementor-grid-tablet-eael-col-2 elementor-grid-mobile-eael-col-1 elementor-widget elementor-widget-eael-post-grid\" data-id=\"a0792f1\" data-element_type=\"widget\" data-settings=\"{&quot;eael_post_grid_columns&quot;:&quot;eael-col-4&quot;,&quot;eael_post_grid_columns_tablet&quot;:&quot;eael-col-2&quot;,&quot;eael_post_grid_columns_mobile&quot;:&quot;eael-col-1&quot;}\" data-widget_type=\"eael-post-grid.default\">\n\t\t\t\t<div class=\"elementor-widget-container\">\n\t\t\t<div id=\"eael-post-grid-a0792f1\" class=\"eael-post-grid-container\">\n            <div class=\"eael-post-grid eael-post-appender eael-post-appender-a0792f1 eael-post-grid-style-two\" data-layout-mode=\"grid\"><article class=\"eael-grid-post eael-post-grid-column\" data-id=\"31830\">\n        <div class=\"eael-grid-post-holder\">\n            <div class=\"eael-grid-post-holder-inner\"><div class=\"eael-entry-media\"><div class=\"eael-entry-overlay fade-in\"><i class=\"fas fa-long-arrow-alt-right\" aria-hidden=\"true\"><\/i><a href=\"https:\/\/www.ifema.es\/fruit-attraction-sao-paulo\/noticias\/fruit-attraction-sao-paulo-se-consolida-como-principal-evento-da-fruticultura-do-hemisferio-sul\/\"><\/a><\/div><div class=\"eael-entry-thumbnail \">\n                                <img fetchpriority=\"high\" decoding=\"async\" width=\"2000\" height=\"1333\" src=\"https:\/\/www.ifema.es\/fruit-attraction-sao-paulo\/wp-content\/uploads\/2026\/03\/26032026_10H_FRUITATTRACTION_INDY3654.jpg\" class=\"attachment-full size-full wp-image-31831\" alt=\"\" srcset=\"https:\/\/www.ifema.es\/fruit-attraction-sao-paulo\/wp-content\/uploads\/2026\/03\/26032026_10H_FRUITATTRACTION_INDY3654.jpg 2000w, https:\/\/www.ifema.es\/fruit-attraction-sao-paulo\/wp-content\/uploads\/2026\/03\/26032026_10H_FRUITATTRACTION_INDY3654-300x200.jpg 300w, https:\/\/www.ifema.es\/fruit-attraction-sao-paulo\/wp-content\/uploads\/2026\/03\/26032026_10H_FRUITATTRACTION_INDY3654-1024x682.jpg 1024w, https:\/\/www.ifema.es\/fruit-attraction-sao-paulo\/wp-content\/uploads\/2026\/03\/26032026_10H_FRUITATTRACTION_INDY3654-240x160.jpg 240w\" sizes=\"(max-width: 2000px) 100vw, 2000px\" \/>\n                              <\/div>\n                      <\/div><div class=\"eael-entry-wrapper\"><header class=\"eael-entry-header\"><h2 class=\"eael-entry-title\"><a\n                                    class=\"eael-grid-post-link\"\n                                    href=\"https:\/\/www.ifema.es\/fruit-attraction-sao-paulo\/noticias\/fruit-attraction-sao-paulo-se-consolida-como-principal-evento-da-fruticultura-do-hemisferio-sul\/\"\n                                    title=\"Fruit Attraction S\u00e3o Paulo se consolida como principal evento da fruticultura do hemisf\u00e9rio sul\">Fruit Attraction S\u00e3o Paulo se consolida como principal evento da fruticultura do hemisf\u00e9rio sul<\/a><\/h2><\/header><div class=\"eael-entry-content\">\n                                    <div class=\"eael-grid-post-excerpt\"><p>Em sua 3\u00aa edi\u00e7\u00e3o, feira reafirma seu papel de plataforma...<\/p><a\n                                        href=\"https:\/\/www.ifema.es\/fruit-attraction-sao-paulo\/noticias\/fruit-attraction-sao-paulo-se-consolida-como-principal-evento-da-fruticultura-do-hemisferio-sul\/\"\n                                        class=\"eael-post-elements-readmore-btn\">Ler Mais<\/a><\/div>\n                                <\/div><div class=\"eael-entry-header-after style-two\"><div class=\"eael-entry-meta\"><span class=\"eael-meta-posted-on\"><i class=\"far fa-clock\"><\/i><time datetime=\"30 de March de 2026\">30 de March de 2026<\/time><\/span><\/div><\/div><\/div><\/div>\n        <\/div>\n    <\/article><article class=\"eael-grid-post eael-post-grid-column\" data-id=\"31827\">\n        <div class=\"eael-grid-post-holder\">\n            <div class=\"eael-grid-post-holder-inner\"><div class=\"eael-entry-media\"><div class=\"eael-entry-overlay fade-in\"><i class=\"fas fa-long-arrow-alt-right\" aria-hidden=\"true\"><\/i><a href=\"https:\/\/www.ifema.es\/fruit-attraction-sao-paulo\/noticias\/fruit-attraction-sao-paulo-rodada-de-negocios-supera-numeros-da-edicao-passada\/\"><\/a><\/div><div class=\"eael-entry-thumbnail \">\n                                <img decoding=\"async\" width=\"2000\" height=\"1335\" src=\"https:\/\/www.ifema.es\/fruit-attraction-sao-paulo\/wp-content\/uploads\/2026\/03\/24032026_11H_FRUITATTRACTION_DC5_4262.jpg\" class=\"attachment-full size-full wp-image-31828\" alt=\"\" srcset=\"https:\/\/www.ifema.es\/fruit-attraction-sao-paulo\/wp-content\/uploads\/2026\/03\/24032026_11H_FRUITATTRACTION_DC5_4262.jpg 2000w, https:\/\/www.ifema.es\/fruit-attraction-sao-paulo\/wp-content\/uploads\/2026\/03\/24032026_11H_FRUITATTRACTION_DC5_4262-300x200.jpg 300w, https:\/\/www.ifema.es\/fruit-attraction-sao-paulo\/wp-content\/uploads\/2026\/03\/24032026_11H_FRUITATTRACTION_DC5_4262-1024x684.jpg 1024w, https:\/\/www.ifema.es\/fruit-attraction-sao-paulo\/wp-content\/uploads\/2026\/03\/24032026_11H_FRUITATTRACTION_DC5_4262-240x160.jpg 240w\" sizes=\"(max-width: 2000px) 100vw, 2000px\" \/>\n                              <\/div>\n                      <\/div><div class=\"eael-entry-wrapper\"><header class=\"eael-entry-header\"><h2 class=\"eael-entry-title\"><a\n                                    class=\"eael-grid-post-link\"\n                                    href=\"https:\/\/www.ifema.es\/fruit-attraction-sao-paulo\/noticias\/fruit-attraction-sao-paulo-rodada-de-negocios-supera-numeros-da-edicao-passada\/\"\n                                    title=\"Fruit Attraction S\u00e3o Paulo: rodada de neg\u00f3cios supera n\u00fameros da edi\u00e7\u00e3o passada\">Fruit Attraction S\u00e3o Paulo: rodada de neg\u00f3cios supera n\u00fameros da edi\u00e7\u00e3o passada<\/a><\/h2><\/header><div class=\"eael-entry-content\">\n                                    <div class=\"eael-grid-post-excerpt\"><p>Ao final de tr\u00eas dias, a rodada de neg\u00f3cios da...<\/p><a\n                                        href=\"https:\/\/www.ifema.es\/fruit-attraction-sao-paulo\/noticias\/fruit-attraction-sao-paulo-rodada-de-negocios-supera-numeros-da-edicao-passada\/\"\n                                        class=\"eael-post-elements-readmore-btn\">Ler Mais<\/a><\/div>\n                                <\/div><div class=\"eael-entry-header-after style-two\"><div class=\"eael-entry-meta\"><span class=\"eael-meta-posted-on\"><i class=\"far fa-clock\"><\/i><time datetime=\"30 de March de 2026\">30 de March de 2026<\/time><\/span><\/div><\/div><\/div><\/div>\n        <\/div>\n    <\/article><article class=\"eael-grid-post eael-post-grid-column\" data-id=\"31815\">\n        <div class=\"eael-grid-post-holder\">\n            <div class=\"eael-grid-post-holder-inner\"><div class=\"eael-entry-media\"><div class=\"eael-entry-overlay fade-in\"><i class=\"fas fa-long-arrow-alt-right\" aria-hidden=\"true\"><\/i><a href=\"https:\/\/www.ifema.es\/fruit-attraction-sao-paulo\/noticias\/fruit-attraction-sao-paulo-puxada-pelo-brasil-america-do-sul-sera-o-motor-de-crescimento-das-exportacoes-mundiais-de-frutas-nos-proximos-anos\/\"><\/a><\/div><div class=\"eael-entry-thumbnail \">\n                                <img decoding=\"async\" width=\"505\" height=\"337\" src=\"https:\/\/www.ifema.es\/fruit-attraction-sao-paulo\/wp-content\/uploads\/2026\/03\/FRUIT-FORUM-23.jpg\" class=\"attachment-full size-full wp-image-31816\" alt=\"\" srcset=\"https:\/\/www.ifema.es\/fruit-attraction-sao-paulo\/wp-content\/uploads\/2026\/03\/FRUIT-FORUM-23.jpg 505w, https:\/\/www.ifema.es\/fruit-attraction-sao-paulo\/wp-content\/uploads\/2026\/03\/FRUIT-FORUM-23-300x200.jpg 300w, https:\/\/www.ifema.es\/fruit-attraction-sao-paulo\/wp-content\/uploads\/2026\/03\/FRUIT-FORUM-23-240x160.jpg 240w\" sizes=\"(max-width: 505px) 100vw, 505px\" \/>\n                              <\/div>\n                      <\/div><div class=\"eael-entry-wrapper\"><header class=\"eael-entry-header\"><h2 class=\"eael-entry-title\"><a\n                                    class=\"eael-grid-post-link\"\n                                    href=\"https:\/\/www.ifema.es\/fruit-attraction-sao-paulo\/noticias\/fruit-attraction-sao-paulo-puxada-pelo-brasil-america-do-sul-sera-o-motor-de-crescimento-das-exportacoes-mundiais-de-frutas-nos-proximos-anos\/\"\n                                    title=\"Fruit Attraction S\u00e3o Paulo: puxada pelo Brasil, Am\u00e9rica do Sul ser\u00e1 o motor de crescimento das exporta\u00e7\u00f5es mundiais de frutas nos pr\u00f3ximos anos\">Fruit Attraction S\u00e3o Paulo: puxada pelo Brasil, Am\u00e9rica do Sul ser\u00e1 o motor de crescimento das exporta\u00e7\u00f5es mundiais de frutas nos pr\u00f3ximos anos<\/a><\/h2><\/header><div class=\"eael-entry-content\">\n                                    <div class=\"eael-grid-post-excerpt\"><p>A Am\u00e9rica do Sul ser\u00e1 o motor de crescimento das...<\/p><a\n                                        href=\"https:\/\/www.ifema.es\/fruit-attraction-sao-paulo\/noticias\/fruit-attraction-sao-paulo-puxada-pelo-brasil-america-do-sul-sera-o-motor-de-crescimento-das-exportacoes-mundiais-de-frutas-nos-proximos-anos\/\"\n                                        class=\"eael-post-elements-readmore-btn\">Ler Mais<\/a><\/div>\n                                <\/div><div class=\"eael-entry-header-after style-two\"><div class=\"eael-entry-meta\"><span class=\"eael-meta-posted-on\"><i class=\"far fa-clock\"><\/i><time datetime=\"26 de March de 2026\">26 de March de 2026<\/time><\/span><\/div><\/div><\/div><\/div>\n        <\/div>\n    <\/article><article class=\"eael-grid-post eael-post-grid-column\" data-id=\"31783\">\n        <div class=\"eael-grid-post-holder\">\n            <div class=\"eael-grid-post-holder-inner\"><div class=\"eael-entry-media\"><div class=\"eael-entry-overlay fade-in\"><i class=\"fas fa-long-arrow-alt-right\" aria-hidden=\"true\"><\/i><a href=\"https:\/\/www.ifema.es\/fruit-attraction-sao-paulo\/noticias\/novo-presidente-da-abrafrutas-toma-posse-durante-a-fruit-attraction-sao-paulo\/\"><\/a><\/div><div class=\"eael-entry-thumbnail \">\n                                <img loading=\"lazy\" decoding=\"async\" width=\"1600\" height=\"1200\" src=\"https:\/\/www.ifema.es\/fruit-attraction-sao-paulo\/wp-content\/uploads\/2026\/03\/abrafrutas.jpeg\" class=\"attachment-full size-full wp-image-31784\" alt=\"\" srcset=\"https:\/\/www.ifema.es\/fruit-attraction-sao-paulo\/wp-content\/uploads\/2026\/03\/abrafrutas.jpeg 1600w, https:\/\/www.ifema.es\/fruit-attraction-sao-paulo\/wp-content\/uploads\/2026\/03\/abrafrutas-300x225.jpeg 300w, https:\/\/www.ifema.es\/fruit-attraction-sao-paulo\/wp-content\/uploads\/2026\/03\/abrafrutas-1024x768.jpeg 1024w, https:\/\/www.ifema.es\/fruit-attraction-sao-paulo\/wp-content\/uploads\/2026\/03\/abrafrutas-240x180.jpeg 240w\" sizes=\"(max-width: 1600px) 100vw, 1600px\" \/>\n                              <\/div>\n                      <\/div><div class=\"eael-entry-wrapper\"><header class=\"eael-entry-header\"><h2 class=\"eael-entry-title\"><a\n                                    class=\"eael-grid-post-link\"\n                                    href=\"https:\/\/www.ifema.es\/fruit-attraction-sao-paulo\/noticias\/novo-presidente-da-abrafrutas-toma-posse-durante-a-fruit-attraction-sao-paulo\/\"\n                                    title=\"Novo presidente da Abrafrutas toma posse durante a Fruit Attraction S\u00e3o Paulo\">Novo presidente da Abrafrutas toma posse durante a Fruit Attraction S\u00e3o Paulo<\/a><\/h2><\/header><div class=\"eael-entry-content\">\n                                    <div class=\"eael-grid-post-excerpt\"><p>A Associa\u00e7\u00e3o Brasileira dos Produtores e Exportadores de Frutas e...<\/p><a\n                                        href=\"https:\/\/www.ifema.es\/fruit-attraction-sao-paulo\/noticias\/novo-presidente-da-abrafrutas-toma-posse-durante-a-fruit-attraction-sao-paulo\/\"\n                                        class=\"eael-post-elements-readmore-btn\">Ler Mais<\/a><\/div>\n                                <\/div><div class=\"eael-entry-header-after style-two\"><div class=\"eael-entry-meta\"><span class=\"eael-meta-posted-on\"><i class=\"far fa-clock\"><\/i><time datetime=\"26 de March de 2026\">26 de March de 2026<\/time><\/span><\/div><\/div><\/div><\/div>\n        <\/div>\n    <\/article><article class=\"eael-grid-post eael-post-grid-column\" data-id=\"31762\">\n        <div class=\"eael-grid-post-holder\">\n            <div class=\"eael-grid-post-holder-inner\"><div class=\"eael-entry-media\"><div class=\"eael-entry-overlay fade-in\"><i class=\"fas fa-long-arrow-alt-right\" aria-hidden=\"true\"><\/i><a href=\"https:\/\/www.ifema.es\/fruit-attraction-sao-paulo\/noticias\/fruit-attraction-sao-paulo-descomoditizar-a-producao-amplia-potencial-de-exportacao-da-fruticultura-destacam-cna-apex-e-cepea\/\"><\/a><\/div><div class=\"eael-entry-thumbnail \">\n                                <img loading=\"lazy\" decoding=\"async\" width=\"508\" height=\"340\" src=\"https:\/\/www.ifema.es\/fruit-attraction-sao-paulo\/wp-content\/uploads\/2026\/03\/fruit-forum.jpg\" class=\"attachment-full size-full wp-image-31763\" alt=\"\" srcset=\"https:\/\/www.ifema.es\/fruit-attraction-sao-paulo\/wp-content\/uploads\/2026\/03\/fruit-forum.jpg 508w, https:\/\/www.ifema.es\/fruit-attraction-sao-paulo\/wp-content\/uploads\/2026\/03\/fruit-forum-300x201.jpg 300w, https:\/\/www.ifema.es\/fruit-attraction-sao-paulo\/wp-content\/uploads\/2026\/03\/fruit-forum-240x161.jpg 240w\" sizes=\"(max-width: 508px) 100vw, 508px\" \/>\n                              <\/div>\n                      <\/div><div class=\"eael-entry-wrapper\"><header class=\"eael-entry-header\"><h2 class=\"eael-entry-title\"><a\n                                    class=\"eael-grid-post-link\"\n                                    href=\"https:\/\/www.ifema.es\/fruit-attraction-sao-paulo\/noticias\/fruit-attraction-sao-paulo-descomoditizar-a-producao-amplia-potencial-de-exportacao-da-fruticultura-destacam-cna-apex-e-cepea\/\"\n                                    title=\"Fruit Attraction S\u00e3o Paulo: descomoditizar a produ\u00e7\u00e3o amplia potencial de exporta\u00e7\u00e3o da fruticultura, destacam CNA, Apex e Cepea\">Fruit Attraction S\u00e3o Paulo: descomoditizar a produ\u00e7\u00e3o amplia potencial de exporta\u00e7\u00e3o da fruticultura, destacam CNA, Apex e Cepea<\/a><\/h2><\/header><div class=\"eael-entry-content\">\n                                    <div class=\"eael-grid-post-excerpt\"><p>O arranque da jornada de internacionaliza\u00e7\u00e3o para o produtor rural...<\/p><a\n                                        href=\"https:\/\/www.ifema.es\/fruit-attraction-sao-paulo\/noticias\/fruit-attraction-sao-paulo-descomoditizar-a-producao-amplia-potencial-de-exportacao-da-fruticultura-destacam-cna-apex-e-cepea\/\"\n                                        class=\"eael-post-elements-readmore-btn\">Ler Mais<\/a><\/div>\n                                <\/div><div class=\"eael-entry-header-after style-two\"><div class=\"eael-entry-meta\"><span class=\"eael-meta-posted-on\"><i class=\"far fa-clock\"><\/i><time datetime=\"25 de March de 2026\">25 de March de 2026<\/time><\/span><\/div><\/div><\/div><\/div>\n        <\/div>\n    <\/article><article class=\"eael-grid-post eael-post-grid-column\" data-id=\"31760\">\n        <div class=\"eael-grid-post-holder\">\n            <div class=\"eael-grid-post-holder-inner\"><div class=\"eael-entry-media\"><div class=\"eael-entry-overlay fade-in\"><i class=\"fas fa-long-arrow-alt-right\" aria-hidden=\"true\"><\/i><a href=\"https:\/\/www.ifema.es\/fruit-attraction-sao-paulo\/noticias\/fruit-attraction-sao-paulo-ainda-ha-muito-a-descobrir-no-dia-de-encerramento-nesta-quinta-26\/\"><\/a><\/div><div class=\"eael-entry-thumbnail \">\n                                <img loading=\"lazy\" decoding=\"async\" width=\"2000\" height=\"1333\" src=\"https:\/\/www.ifema.es\/fruit-attraction-sao-paulo\/wp-content\/uploads\/2026\/03\/24032026_13H_FRUITATTRACTION_INDY2432.jpg.jpeg\" class=\"attachment-full size-full wp-image-31724\" alt=\"\" srcset=\"https:\/\/www.ifema.es\/fruit-attraction-sao-paulo\/wp-content\/uploads\/2026\/03\/24032026_13H_FRUITATTRACTION_INDY2432.jpg.jpeg 2000w, https:\/\/www.ifema.es\/fruit-attraction-sao-paulo\/wp-content\/uploads\/2026\/03\/24032026_13H_FRUITATTRACTION_INDY2432.jpg-300x200.jpeg 300w, https:\/\/www.ifema.es\/fruit-attraction-sao-paulo\/wp-content\/uploads\/2026\/03\/24032026_13H_FRUITATTRACTION_INDY2432.jpg-1024x682.jpeg 1024w, https:\/\/www.ifema.es\/fruit-attraction-sao-paulo\/wp-content\/uploads\/2026\/03\/24032026_13H_FRUITATTRACTION_INDY2432.jpg-240x160.jpeg 240w\" sizes=\"(max-width: 2000px) 100vw, 2000px\" \/>\n                              <\/div>\n                      <\/div><div class=\"eael-entry-wrapper\"><header class=\"eael-entry-header\"><h2 class=\"eael-entry-title\"><a\n                                    class=\"eael-grid-post-link\"\n                                    href=\"https:\/\/www.ifema.es\/fruit-attraction-sao-paulo\/noticias\/fruit-attraction-sao-paulo-ainda-ha-muito-a-descobrir-no-dia-de-encerramento-nesta-quinta-26\/\"\n                                    title=\"Fruit Attraction S\u00e3o Paulo: ainda h\u00e1 muito a descobrir no dia de encerramento nesta quinta (26)\">Fruit Attraction S\u00e3o Paulo: ainda h\u00e1 muito a descobrir no dia de encerramento nesta quinta (26)<\/a><\/h2><\/header><div class=\"eael-entry-content\">\n                                    <div class=\"eael-grid-post-excerpt\"><p>De tecnologias para extens\u00e3o do tempo de prateleira das frutas,...<\/p><a\n                                        href=\"https:\/\/www.ifema.es\/fruit-attraction-sao-paulo\/noticias\/fruit-attraction-sao-paulo-ainda-ha-muito-a-descobrir-no-dia-de-encerramento-nesta-quinta-26\/\"\n                                        class=\"eael-post-elements-readmore-btn\">Ler Mais<\/a><\/div>\n                                <\/div><div class=\"eael-entry-header-after style-two\"><div class=\"eael-entry-meta\"><span class=\"eael-meta-posted-on\"><i class=\"far fa-clock\"><\/i><time datetime=\"25 de March de 2026\">25 de March de 2026<\/time><\/span><\/div><\/div><\/div><\/div>\n        <\/div>\n    <\/article><article class=\"eael-grid-post eael-post-grid-column\" data-id=\"31749\">\n        <div class=\"eael-grid-post-holder\">\n            <div class=\"eael-grid-post-holder-inner\"><div class=\"eael-entry-media\"><div class=\"eael-entry-overlay fade-in\"><i class=\"fas fa-long-arrow-alt-right\" aria-hidden=\"true\"><\/i><a href=\"https:\/\/www.ifema.es\/fruit-attraction-sao-paulo\/noticias\/fruit-attraction-sao-paulo-descomoditizar-a-producao-amplia-potencial-de-exportacao-da-fruticultura-destacam-cna-e-apex\/\"><\/a><\/div><div class=\"eael-entry-thumbnail \">\n                                <img loading=\"lazy\" decoding=\"async\" width=\"2000\" height=\"1335\" src=\"https:\/\/www.ifema.es\/fruit-attraction-sao-paulo\/wp-content\/uploads\/2026\/03\/24032026_09H_FRUITATTRACTION_DC5_3910.jpg\" class=\"attachment-full size-full wp-image-31672\" alt=\"\" srcset=\"https:\/\/www.ifema.es\/fruit-attraction-sao-paulo\/wp-content\/uploads\/2026\/03\/24032026_09H_FRUITATTRACTION_DC5_3910.jpg 2000w, https:\/\/www.ifema.es\/fruit-attraction-sao-paulo\/wp-content\/uploads\/2026\/03\/24032026_09H_FRUITATTRACTION_DC5_3910-300x200.jpg 300w, https:\/\/www.ifema.es\/fruit-attraction-sao-paulo\/wp-content\/uploads\/2026\/03\/24032026_09H_FRUITATTRACTION_DC5_3910-1024x684.jpg 1024w, https:\/\/www.ifema.es\/fruit-attraction-sao-paulo\/wp-content\/uploads\/2026\/03\/24032026_09H_FRUITATTRACTION_DC5_3910-240x160.jpg 240w\" sizes=\"(max-width: 2000px) 100vw, 2000px\" \/>\n                              <\/div>\n                      <\/div><div class=\"eael-entry-wrapper\"><header class=\"eael-entry-header\"><h2 class=\"eael-entry-title\"><a\n                                    class=\"eael-grid-post-link\"\n                                    href=\"https:\/\/www.ifema.es\/fruit-attraction-sao-paulo\/noticias\/fruit-attraction-sao-paulo-descomoditizar-a-producao-amplia-potencial-de-exportacao-da-fruticultura-destacam-cna-e-apex\/\"\n                                    title=\"Fruit Attraction S\u00e3o Paulo: descomoditizar a produ\u00e7\u00e3o amplia potencial de exporta\u00e7\u00e3o da fruticultura, destacam CNA e Apex\">Fruit Attraction S\u00e3o Paulo: descomoditizar a produ\u00e7\u00e3o amplia potencial de exporta\u00e7\u00e3o da fruticultura, destacam CNA e Apex<\/a><\/h2><\/header><div class=\"eael-entry-content\">\n                                    <div class=\"eael-grid-post-excerpt\"><p>O arranque da jornada de internacionaliza\u00e7\u00e3o para o produtor rural...<\/p><a\n                                        href=\"https:\/\/www.ifema.es\/fruit-attraction-sao-paulo\/noticias\/fruit-attraction-sao-paulo-descomoditizar-a-producao-amplia-potencial-de-exportacao-da-fruticultura-destacam-cna-e-apex\/\"\n                                        class=\"eael-post-elements-readmore-btn\">Ler Mais<\/a><\/div>\n                                <\/div><div class=\"eael-entry-header-after style-two\"><div class=\"eael-entry-meta\"><span class=\"eael-meta-posted-on\"><i class=\"far fa-clock\"><\/i><time datetime=\"25 de March de 2026\">25 de March de 2026<\/time><\/span><\/div><\/div><\/div><\/div>\n        <\/div>\n    <\/article><article class=\"eael-grid-post eael-post-grid-column\" data-id=\"31662\">\n        <div class=\"eael-grid-post-holder\">\n            <div class=\"eael-grid-post-holder-inner\"><div class=\"eael-entry-media\"><div class=\"eael-entry-overlay fade-in\"><i class=\"fas fa-long-arrow-alt-right\" aria-hidden=\"true\"><\/i><a href=\"https:\/\/www.ifema.es\/fruit-attraction-sao-paulo\/noticias\/ifema-madrid-e-fiera-milano-brasil-renovam-alianca-para-a-coorganizacao-da-fruit-attraction-sao-paulo-ate-2033\/\"><\/a><\/div><div class=\"eael-entry-thumbnail \">\n                                <img loading=\"lazy\" decoding=\"async\" width=\"2000\" height=\"1333\" src=\"https:\/\/www.ifema.es\/fruit-attraction-sao-paulo\/wp-content\/uploads\/2026\/03\/24032026_10H_FRUITATTRACTION_INDY1897.jpg.jpeg\" class=\"attachment-full size-full wp-image-31664\" alt=\"\" srcset=\"https:\/\/www.ifema.es\/fruit-attraction-sao-paulo\/wp-content\/uploads\/2026\/03\/24032026_10H_FRUITATTRACTION_INDY1897.jpg.jpeg 2000w, https:\/\/www.ifema.es\/fruit-attraction-sao-paulo\/wp-content\/uploads\/2026\/03\/24032026_10H_FRUITATTRACTION_INDY1897.jpg-300x200.jpeg 300w, https:\/\/www.ifema.es\/fruit-attraction-sao-paulo\/wp-content\/uploads\/2026\/03\/24032026_10H_FRUITATTRACTION_INDY1897.jpg-1024x682.jpeg 1024w, https:\/\/www.ifema.es\/fruit-attraction-sao-paulo\/wp-content\/uploads\/2026\/03\/24032026_10H_FRUITATTRACTION_INDY1897.jpg-240x160.jpeg 240w\" sizes=\"(max-width: 2000px) 100vw, 2000px\" \/>\n                              <\/div>\n                      <\/div><div class=\"eael-entry-wrapper\"><header class=\"eael-entry-header\"><h2 class=\"eael-entry-title\"><a\n                                    class=\"eael-grid-post-link\"\n                                    href=\"https:\/\/www.ifema.es\/fruit-attraction-sao-paulo\/noticias\/ifema-madrid-e-fiera-milano-brasil-renovam-alianca-para-a-coorganizacao-da-fruit-attraction-sao-paulo-ate-2033\/\"\n                                    title=\"IFEMA MADRID e Fiera Milano Brasil renovam alian\u00e7a para a coorganiza\u00e7\u00e3o da Fruit Attraction S\u00e3o Paulo at\u00e9 2033\">IFEMA MADRID e Fiera Milano Brasil renovam alian\u00e7a para a coorganiza\u00e7\u00e3o da Fruit Attraction S\u00e3o Paulo at\u00e9 2033<\/a><\/h2><\/header><div class=\"eael-entry-content\">\n                                    <div class=\"eael-grid-post-excerpt\"><p>Ap\u00f3s o sucesso das primeiras edi\u00e7\u00f5es, ambos os organizadores continuar\u00e3o...<\/p><a\n                                        href=\"https:\/\/www.ifema.es\/fruit-attraction-sao-paulo\/noticias\/ifema-madrid-e-fiera-milano-brasil-renovam-alianca-para-a-coorganizacao-da-fruit-attraction-sao-paulo-ate-2033\/\"\n                                        class=\"eael-post-elements-readmore-btn\">Ler Mais<\/a><\/div>\n                                <\/div><div class=\"eael-entry-header-after style-two\"><div class=\"eael-entry-meta\"><span class=\"eael-meta-posted-on\"><i class=\"far fa-clock\"><\/i><time datetime=\"25 de March de 2026\">25 de March de 2026<\/time><\/span><\/div><\/div><\/div><\/div>\n        <\/div>\n    <\/article><article class=\"eael-grid-post eael-post-grid-column\" data-id=\"31706\">\n        <div class=\"eael-grid-post-holder\">\n            <div class=\"eael-grid-post-holder-inner\"><div class=\"eael-entry-media\"><div class=\"eael-entry-overlay fade-in\"><i class=\"fas fa-long-arrow-alt-right\" aria-hidden=\"true\"><\/i><a href=\"https:\/\/www.ifema.es\/fruit-attraction-sao-paulo\/noticias\/fruit-attraction-sao-paulo-cenario-geopolitico-global-e-inicio-do-acordo-mercosul-ue-abrem-nova-janela-de-oportunidades-para-as-exportacoes-de-frutas\/\"><\/a><\/div><div class=\"eael-entry-thumbnail \">\n                                <img loading=\"lazy\" decoding=\"async\" width=\"2000\" height=\"1335\" src=\"https:\/\/www.ifema.es\/fruit-attraction-sao-paulo\/wp-content\/uploads\/2026\/03\/24032026_10H_FRUITATTRACTION_DC5_4130.jpg\" class=\"attachment-full size-full wp-image-31674\" alt=\"\" srcset=\"https:\/\/www.ifema.es\/fruit-attraction-sao-paulo\/wp-content\/uploads\/2026\/03\/24032026_10H_FRUITATTRACTION_DC5_4130.jpg 2000w, https:\/\/www.ifema.es\/fruit-attraction-sao-paulo\/wp-content\/uploads\/2026\/03\/24032026_10H_FRUITATTRACTION_DC5_4130-300x200.jpg 300w, https:\/\/www.ifema.es\/fruit-attraction-sao-paulo\/wp-content\/uploads\/2026\/03\/24032026_10H_FRUITATTRACTION_DC5_4130-1024x684.jpg 1024w, https:\/\/www.ifema.es\/fruit-attraction-sao-paulo\/wp-content\/uploads\/2026\/03\/24032026_10H_FRUITATTRACTION_DC5_4130-240x160.jpg 240w\" sizes=\"(max-width: 2000px) 100vw, 2000px\" \/>\n                              <\/div>\n                      <\/div><div class=\"eael-entry-wrapper\"><header class=\"eael-entry-header\"><h2 class=\"eael-entry-title\"><a\n                                    class=\"eael-grid-post-link\"\n                                    href=\"https:\/\/www.ifema.es\/fruit-attraction-sao-paulo\/noticias\/fruit-attraction-sao-paulo-cenario-geopolitico-global-e-inicio-do-acordo-mercosul-ue-abrem-nova-janela-de-oportunidades-para-as-exportacoes-de-frutas\/\"\n                                    title=\"Fruit Attraction S\u00e3o Paulo: Cen\u00e1rio geopol\u00edtico global e in\u00edcio do acordo Mercosul-UE abrem nova janela de oportunidades para as exporta\u00e7\u00f5es de frutas\">Fruit Attraction S\u00e3o Paulo: Cen\u00e1rio geopol\u00edtico global e in\u00edcio do acordo Mercosul-UE abrem nova janela de oportunidades para as exporta\u00e7\u00f5es de frutas<\/a><\/h2><\/header><div class=\"eael-entry-content\">\n                                    <div class=\"eael-grid-post-excerpt\"><p>Fruit Attraction S\u00e3o Paulo: Cen\u00e1rio geopol\u00edtico global e in\u00edcio do...<\/p><a\n                                        href=\"https:\/\/www.ifema.es\/fruit-attraction-sao-paulo\/noticias\/fruit-attraction-sao-paulo-cenario-geopolitico-global-e-inicio-do-acordo-mercosul-ue-abrem-nova-janela-de-oportunidades-para-as-exportacoes-de-frutas\/\"\n                                        class=\"eael-post-elements-readmore-btn\">Ler Mais<\/a><\/div>\n                                <\/div><div class=\"eael-entry-header-after style-two\"><div class=\"eael-entry-meta\"><span class=\"eael-meta-posted-on\"><i class=\"far fa-clock\"><\/i><time datetime=\"24 de March de 2026\">24 de March de 2026<\/time><\/span><\/div><\/div><\/div><\/div>\n        <\/div>\n    <\/article><article class=\"eael-grid-post eael-post-grid-column\" data-id=\"31576\">\n        <div class=\"eael-grid-post-holder\">\n            <div class=\"eael-grid-post-holder-inner\"><div class=\"eael-entry-media\"><div class=\"eael-entry-overlay fade-in\"><i class=\"fas fa-long-arrow-alt-right\" aria-hidden=\"true\"><\/i><a href=\"https:\/\/www.ifema.es\/fruit-attraction-sao-paulo\/noticias\/fruit-attraction-sao-paulo-tera-espaco-com-experiencias-gastronomicas-exclusivas\/\"><\/a><\/div><div class=\"eael-entry-thumbnail \">\n                                <img loading=\"lazy\" decoding=\"async\" width=\"2000\" height=\"1333\" src=\"https:\/\/www.ifema.es\/fruit-attraction-sao-paulo\/wp-content\/uploads\/2025\/03\/FRUIT_ATTRACTION_2025_260325_11h_INDY1396.jpg\" class=\"attachment-full size-full wp-image-28739\" alt=\"\" srcset=\"https:\/\/www.ifema.es\/fruit-attraction-sao-paulo\/wp-content\/uploads\/2025\/03\/FRUIT_ATTRACTION_2025_260325_11h_INDY1396.jpg 2000w, https:\/\/www.ifema.es\/fruit-attraction-sao-paulo\/wp-content\/uploads\/2025\/03\/FRUIT_ATTRACTION_2025_260325_11h_INDY1396-300x200.jpg 300w, https:\/\/www.ifema.es\/fruit-attraction-sao-paulo\/wp-content\/uploads\/2025\/03\/FRUIT_ATTRACTION_2025_260325_11h_INDY1396-1024x682.jpg 1024w, https:\/\/www.ifema.es\/fruit-attraction-sao-paulo\/wp-content\/uploads\/2025\/03\/FRUIT_ATTRACTION_2025_260325_11h_INDY1396-240x160.jpg 240w\" sizes=\"(max-width: 2000px) 100vw, 2000px\" \/>\n                              <\/div>\n                      <\/div><div class=\"eael-entry-wrapper\"><header class=\"eael-entry-header\"><h2 class=\"eael-entry-title\"><a\n                                    class=\"eael-grid-post-link\"\n                                    href=\"https:\/\/www.ifema.es\/fruit-attraction-sao-paulo\/noticias\/fruit-attraction-sao-paulo-tera-espaco-com-experiencias-gastronomicas-exclusivas\/\"\n                                    title=\"Fruit Attraction S\u00e3o Paulo ter\u00e1 espa\u00e7o com experi\u00eancias gastron\u00f4micas exclusivas\">Fruit Attraction S\u00e3o Paulo ter\u00e1 espa\u00e7o com experi\u00eancias gastron\u00f4micas exclusivas<\/a><\/h2><\/header><div class=\"eael-entry-content\">\n                                    <div class=\"eael-grid-post-excerpt\"><p>3\u00aa. edi\u00e7\u00e3o do evento ocorre na pr\u00f3xima semana, entre ter\u00e7a...<\/p><a\n                                        href=\"https:\/\/www.ifema.es\/fruit-attraction-sao-paulo\/noticias\/fruit-attraction-sao-paulo-tera-espaco-com-experiencias-gastronomicas-exclusivas\/\"\n                                        class=\"eael-post-elements-readmore-btn\">Ler Mais<\/a><\/div>\n                                <\/div><div class=\"eael-entry-header-after style-two\"><div class=\"eael-entry-meta\"><span class=\"eael-meta-posted-on\"><i class=\"far fa-clock\"><\/i><time datetime=\"20 de March de 2026\">20 de March de 2026<\/time><\/span><\/div><\/div><\/div><\/div>\n        <\/div>\n    <\/article><article class=\"eael-grid-post eael-post-grid-column\" data-id=\"31322\">\n        <div class=\"eael-grid-post-holder\">\n            <div class=\"eael-grid-post-holder-inner\"><div class=\"eael-entry-media\"><div class=\"eael-entry-overlay fade-in\"><i class=\"fas fa-long-arrow-alt-right\" aria-hidden=\"true\"><\/i><a href=\"https:\/\/www.ifema.es\/fruit-attraction-sao-paulo\/noticias\/3a-fruit-attraction-sao-paulo-projeta-ate-r-15-bilhao-em-negocios-e-amplia-exportacoes-brasileiras\/\"><\/a><\/div><div class=\"eael-entry-thumbnail \">\n                                <img loading=\"lazy\" decoding=\"async\" width=\"2000\" height=\"1334\" src=\"https:\/\/www.ifema.es\/fruit-attraction-sao-paulo\/wp-content\/uploads\/2026\/03\/FRUIT_ATTRACTION_2025_260325_12h_INDY1582-copy.jpg.jpeg\" class=\"attachment-full size-full wp-image-31323\" alt=\"\" srcset=\"https:\/\/www.ifema.es\/fruit-attraction-sao-paulo\/wp-content\/uploads\/2026\/03\/FRUIT_ATTRACTION_2025_260325_12h_INDY1582-copy.jpg.jpeg 2000w, https:\/\/www.ifema.es\/fruit-attraction-sao-paulo\/wp-content\/uploads\/2026\/03\/FRUIT_ATTRACTION_2025_260325_12h_INDY1582-copy.jpg-300x200.jpeg 300w, https:\/\/www.ifema.es\/fruit-attraction-sao-paulo\/wp-content\/uploads\/2026\/03\/FRUIT_ATTRACTION_2025_260325_12h_INDY1582-copy.jpg-1024x683.jpeg 1024w, https:\/\/www.ifema.es\/fruit-attraction-sao-paulo\/wp-content\/uploads\/2026\/03\/FRUIT_ATTRACTION_2025_260325_12h_INDY1582-copy.jpg-240x160.jpeg 240w\" sizes=\"(max-width: 2000px) 100vw, 2000px\" \/>\n                              <\/div>\n                      <\/div><div class=\"eael-entry-wrapper\"><header class=\"eael-entry-header\"><h2 class=\"eael-entry-title\"><a\n                                    class=\"eael-grid-post-link\"\n                                    href=\"https:\/\/www.ifema.es\/fruit-attraction-sao-paulo\/noticias\/3a-fruit-attraction-sao-paulo-projeta-ate-r-15-bilhao-em-negocios-e-amplia-exportacoes-brasileiras\/\"\n                                    title=\"3\u00aa Fruit Attraction S\u00e3o Paulo projeta at\u00e9 R$ 1,5 bilh\u00e3o em neg\u00f3cios e amplia exporta\u00e7\u00f5es brasileiras\">3\u00aa Fruit Attraction S\u00e3o Paulo projeta at\u00e9 R$ 1,5 bilh\u00e3o em neg\u00f3cios e amplia exporta\u00e7\u00f5es brasileiras<\/a><\/h2><\/header><div class=\"eael-entry-content\">\n                                    <div class=\"eael-grid-post-excerpt\"><p>Maior feira internacional de fruticultura da Am\u00e9rica Latina re\u00fane 500...<\/p><a\n                                        href=\"https:\/\/www.ifema.es\/fruit-attraction-sao-paulo\/noticias\/3a-fruit-attraction-sao-paulo-projeta-ate-r-15-bilhao-em-negocios-e-amplia-exportacoes-brasileiras\/\"\n                                        class=\"eael-post-elements-readmore-btn\">Ler Mais<\/a><\/div>\n                                <\/div><div class=\"eael-entry-header-after style-two\"><div class=\"eael-entry-meta\"><span class=\"eael-meta-posted-on\"><i class=\"far fa-clock\"><\/i><time datetime=\"11 de March de 2026\">11 de March de 2026<\/time><\/span><\/div><\/div><\/div><\/div>\n        <\/div>\n    <\/article><article class=\"eael-grid-post eael-post-grid-column\" data-id=\"30970\">\n        <div class=\"eael-grid-post-holder\">\n            <div class=\"eael-grid-post-holder-inner\"><div class=\"eael-entry-media\"><div class=\"eael-entry-overlay fade-in\"><i class=\"fas fa-long-arrow-alt-right\" aria-hidden=\"true\"><\/i><a href=\"https:\/\/www.ifema.es\/fruit-attraction-sao-paulo\/noticias\/fruticultor-que-agrega-valor-a-producao-amplia-potencial-de-exportacao\/\"><\/a><\/div><div class=\"eael-entry-thumbnail \">\n                                <img loading=\"lazy\" decoding=\"async\" width=\"2560\" height=\"1707\" src=\"https:\/\/www.ifema.es\/fruit-attraction-sao-paulo\/wp-content\/uploads\/2025\/03\/FRUIT_ATTRACTION_2025_250325_10h_FRAZ0272-scaled.jpg\" class=\"attachment-full size-full wp-image-28553\" alt=\"\" srcset=\"https:\/\/www.ifema.es\/fruit-attraction-sao-paulo\/wp-content\/uploads\/2025\/03\/FRUIT_ATTRACTION_2025_250325_10h_FRAZ0272-scaled.jpg 2560w, https:\/\/www.ifema.es\/fruit-attraction-sao-paulo\/wp-content\/uploads\/2025\/03\/FRUIT_ATTRACTION_2025_250325_10h_FRAZ0272-300x200.jpg 300w, https:\/\/www.ifema.es\/fruit-attraction-sao-paulo\/wp-content\/uploads\/2025\/03\/FRUIT_ATTRACTION_2025_250325_10h_FRAZ0272-1024x683.jpg 1024w, https:\/\/www.ifema.es\/fruit-attraction-sao-paulo\/wp-content\/uploads\/2025\/03\/FRUIT_ATTRACTION_2025_250325_10h_FRAZ0272-240x160.jpg 240w\" sizes=\"(max-width: 2560px) 100vw, 2560px\" \/>\n                              <\/div>\n                      <\/div><div class=\"eael-entry-wrapper\"><header class=\"eael-entry-header\"><h2 class=\"eael-entry-title\"><a\n                                    class=\"eael-grid-post-link\"\n                                    href=\"https:\/\/www.ifema.es\/fruit-attraction-sao-paulo\/noticias\/fruticultor-que-agrega-valor-a-producao-amplia-potencial-de-exportacao\/\"\n                                    title=\"Fruticultor que agrega valor \u00e0 produ\u00e7\u00e3o amplia potencial de exporta\u00e7\u00e3o\">Fruticultor que agrega valor \u00e0 produ\u00e7\u00e3o amplia potencial de exporta\u00e7\u00e3o<\/a><\/h2><\/header><div class=\"eael-entry-content\">\n                                    <div class=\"eael-grid-post-excerpt\"><p>Tema ser\u00e1 examinado com detalhes no Fruit F\u00f3rum, na 3\u00aa....<\/p><a\n                                        href=\"https:\/\/www.ifema.es\/fruit-attraction-sao-paulo\/noticias\/fruticultor-que-agrega-valor-a-producao-amplia-potencial-de-exportacao\/\"\n                                        class=\"eael-post-elements-readmore-btn\">Ler Mais<\/a><\/div>\n                                <\/div><div class=\"eael-entry-header-after style-two\"><div class=\"eael-entry-meta\"><span class=\"eael-meta-posted-on\"><i class=\"far fa-clock\"><\/i><time datetime=\"4 de February de 2026\">4 de February de 2026<\/time><\/span><\/div><\/div><\/div><\/div>\n        <\/div>\n    <\/article><article class=\"eael-grid-post eael-post-grid-column\" data-id=\"30489\">\n        <div class=\"eael-grid-post-holder\">\n            <div class=\"eael-grid-post-holder-inner\"><div class=\"eael-entry-media\"><div class=\"eael-entry-overlay fade-in\"><i class=\"fas fa-long-arrow-alt-right\" aria-hidden=\"true\"><\/i><a href=\"https:\/\/www.ifema.es\/fruit-attraction-sao-paulo\/noticias\/ceagesp-abimaq-ibrahort-e-empapel-se-juntam-a-abrafrutas-como-parceiros-institucionais-da-fruit-attraction-sao-paulo\/\"><\/a><\/div><div class=\"eael-entry-thumbnail \">\n                                <img loading=\"lazy\" decoding=\"async\" width=\"2000\" height=\"1334\" src=\"https:\/\/www.ifema.es\/fruit-attraction-sao-paulo\/wp-content\/uploads\/2025\/04\/FRUIT_ATTRACTION_2025_260325_12h_INDY1582.jpg\" class=\"attachment-full size-full wp-image-28872\" alt=\"\" srcset=\"https:\/\/www.ifema.es\/fruit-attraction-sao-paulo\/wp-content\/uploads\/2025\/04\/FRUIT_ATTRACTION_2025_260325_12h_INDY1582.jpg 2000w, https:\/\/www.ifema.es\/fruit-attraction-sao-paulo\/wp-content\/uploads\/2025\/04\/FRUIT_ATTRACTION_2025_260325_12h_INDY1582-300x200.jpg 300w, https:\/\/www.ifema.es\/fruit-attraction-sao-paulo\/wp-content\/uploads\/2025\/04\/FRUIT_ATTRACTION_2025_260325_12h_INDY1582-1024x683.jpg 1024w, https:\/\/www.ifema.es\/fruit-attraction-sao-paulo\/wp-content\/uploads\/2025\/04\/FRUIT_ATTRACTION_2025_260325_12h_INDY1582-240x160.jpg 240w\" sizes=\"(max-width: 2000px) 100vw, 2000px\" \/>\n                              <\/div>\n                      <\/div><div class=\"eael-entry-wrapper\"><header class=\"eael-entry-header\"><h2 class=\"eael-entry-title\"><a\n                                    class=\"eael-grid-post-link\"\n                                    href=\"https:\/\/www.ifema.es\/fruit-attraction-sao-paulo\/noticias\/ceagesp-abimaq-ibrahort-e-empapel-se-juntam-a-abrafrutas-como-parceiros-institucionais-da-fruit-attraction-sao-paulo\/\"\n                                    title=\"Ceagesp, Abimaq, Ibrahort e Empapel se juntam \u00e0 Abrafrutas como parceiros institucionais da Fruit Attraction S\u00e3o Paulo\">Ceagesp, Abimaq, Ibrahort e Empapel se juntam \u00e0 Abrafrutas como parceiros institucionais da Fruit Attraction S\u00e3o Paulo<\/a><\/h2><\/header><div class=\"eael-entry-content\">\n                                    <div class=\"eael-grid-post-excerpt\"><p>Credenciamento para profissionais dos segmentos de hortali\u00e7as e frutas para...<\/p><a\n                                        href=\"https:\/\/www.ifema.es\/fruit-attraction-sao-paulo\/noticias\/ceagesp-abimaq-ibrahort-e-empapel-se-juntam-a-abrafrutas-como-parceiros-institucionais-da-fruit-attraction-sao-paulo\/\"\n                                        class=\"eael-post-elements-readmore-btn\">Ler Mais<\/a><\/div>\n                                <\/div><div class=\"eael-entry-header-after style-two\"><div class=\"eael-entry-meta\"><span class=\"eael-meta-posted-on\"><i class=\"far fa-clock\"><\/i><time datetime=\"9 de December de 2025\">9 de December de 2025<\/time><\/span><\/div><\/div><\/div><\/div>\n        <\/div>\n    <\/article><article class=\"eael-grid-post eael-post-grid-column\" data-id=\"30380\">\n        <div class=\"eael-grid-post-holder\">\n            <div class=\"eael-grid-post-holder-inner\"><div class=\"eael-entry-media\"><div class=\"eael-entry-overlay fade-in\"><i class=\"fas fa-long-arrow-alt-right\" aria-hidden=\"true\"><\/i><a href=\"https:\/\/www.ifema.es\/fruit-attraction-sao-paulo\/noticias\/fruit-attraction-sao-paulo-abre-o-credenciamento-profissional-para-sua-terceira-edicao\/\"><\/a><\/div><div class=\"eael-entry-thumbnail \">\n                                <img loading=\"lazy\" decoding=\"async\" width=\"2000\" height=\"1333\" src=\"https:\/\/www.ifema.es\/fruit-attraction-sao-paulo\/wp-content\/uploads\/2025\/04\/FRUIT_ATTRACTION_2025_260325_13h_INDY1764.jpg\" class=\"attachment-full size-full wp-image-28874\" alt=\"\" srcset=\"https:\/\/www.ifema.es\/fruit-attraction-sao-paulo\/wp-content\/uploads\/2025\/04\/FRUIT_ATTRACTION_2025_260325_13h_INDY1764.jpg 2000w, https:\/\/www.ifema.es\/fruit-attraction-sao-paulo\/wp-content\/uploads\/2025\/04\/FRUIT_ATTRACTION_2025_260325_13h_INDY1764-300x200.jpg 300w, https:\/\/www.ifema.es\/fruit-attraction-sao-paulo\/wp-content\/uploads\/2025\/04\/FRUIT_ATTRACTION_2025_260325_13h_INDY1764-1024x682.jpg 1024w, https:\/\/www.ifema.es\/fruit-attraction-sao-paulo\/wp-content\/uploads\/2025\/04\/FRUIT_ATTRACTION_2025_260325_13h_INDY1764-240x160.jpg 240w\" sizes=\"(max-width: 2000px) 100vw, 2000px\" \/>\n                              <\/div>\n                      <\/div><div class=\"eael-entry-wrapper\"><header class=\"eael-entry-header\"><h2 class=\"eael-entry-title\"><a\n                                    class=\"eael-grid-post-link\"\n                                    href=\"https:\/\/www.ifema.es\/fruit-attraction-sao-paulo\/noticias\/fruit-attraction-sao-paulo-abre-o-credenciamento-profissional-para-sua-terceira-edicao\/\"\n                                    title=\"Fruit Attraction S\u00e3o Paulo abre o credenciamento profissional para sua terceira edi\u00e7\u00e3o\">Fruit Attraction S\u00e3o Paulo abre o credenciamento profissional para sua terceira edi\u00e7\u00e3o<\/a><\/h2><\/header><div class=\"eael-entry-content\">\n                                    <div class=\"eael-grid-post-excerpt\"><p>S\u00e3o Paulo, 28 de novembro de 2025 J\u00e1 est\u00e1 aberto...<\/p><a\n                                        href=\"https:\/\/www.ifema.es\/fruit-attraction-sao-paulo\/noticias\/fruit-attraction-sao-paulo-abre-o-credenciamento-profissional-para-sua-terceira-edicao\/\"\n                                        class=\"eael-post-elements-readmore-btn\">Ler Mais<\/a><\/div>\n                                <\/div><div class=\"eael-entry-header-after style-two\"><div class=\"eael-entry-meta\"><span class=\"eael-meta-posted-on\"><i class=\"far fa-clock\"><\/i><time datetime=\"28 de November de 2025\">28 de November de 2025<\/time><\/span><\/div><\/div><\/div><\/div>\n        <\/div>\n    <\/article><article class=\"eael-grid-post eael-post-grid-column\" data-id=\"30268\">\n        <div class=\"eael-grid-post-holder\">\n            <div class=\"eael-grid-post-holder-inner\"><div class=\"eael-entry-media\"><div class=\"eael-entry-overlay fade-in\"><i class=\"fas fa-long-arrow-alt-right\" aria-hidden=\"true\"><\/i><a href=\"https:\/\/www.ifema.es\/fruit-attraction-sao-paulo\/noticias\/cop-ancorada-em-boas-praticas-fruticultura-brasileira-e-exemplo-de-atividade-de-baixo-carbono\/\"><\/a><\/div><div class=\"eael-entry-thumbnail \">\n                                <img loading=\"lazy\" decoding=\"async\" width=\"2560\" height=\"1707\" src=\"https:\/\/www.ifema.es\/fruit-attraction-sao-paulo\/wp-content\/uploads\/2025\/11\/manga-scaled.jpg\" class=\"attachment-full size-full wp-image-30269\" alt=\"\" srcset=\"https:\/\/www.ifema.es\/fruit-attraction-sao-paulo\/wp-content\/uploads\/2025\/11\/manga-scaled.jpg 2560w, https:\/\/www.ifema.es\/fruit-attraction-sao-paulo\/wp-content\/uploads\/2025\/11\/manga-300x200.jpg 300w, https:\/\/www.ifema.es\/fruit-attraction-sao-paulo\/wp-content\/uploads\/2025\/11\/manga-1024x683.jpg 1024w, https:\/\/www.ifema.es\/fruit-attraction-sao-paulo\/wp-content\/uploads\/2025\/11\/manga-240x160.jpg 240w\" sizes=\"(max-width: 2560px) 100vw, 2560px\" \/>\n                              <\/div>\n                      <\/div><div class=\"eael-entry-wrapper\"><header class=\"eael-entry-header\"><h2 class=\"eael-entry-title\"><a\n                                    class=\"eael-grid-post-link\"\n                                    href=\"https:\/\/www.ifema.es\/fruit-attraction-sao-paulo\/noticias\/cop-ancorada-em-boas-praticas-fruticultura-brasileira-e-exemplo-de-atividade-de-baixo-carbono\/\"\n                                    title=\"COP: ancorada em boas pr\u00e1ticas, fruticultura brasileira \u00e9 exemplo de atividade de baixo carbono\">COP: ancorada em boas pr\u00e1ticas, fruticultura brasileira \u00e9 exemplo de atividade de baixo carbono<\/a><\/h2><\/header><div class=\"eael-entry-content\">\n                                    <div class=\"eael-grid-post-excerpt\"><p>Abordada na Confer\u00eancia do Clima, agenda sustent\u00e1vel do setor ser\u00e1...<\/p><a\n                                        href=\"https:\/\/www.ifema.es\/fruit-attraction-sao-paulo\/noticias\/cop-ancorada-em-boas-praticas-fruticultura-brasileira-e-exemplo-de-atividade-de-baixo-carbono\/\"\n                                        class=\"eael-post-elements-readmore-btn\">Ler Mais<\/a><\/div>\n                                <\/div><div class=\"eael-entry-header-after style-two\"><div class=\"eael-entry-meta\"><span class=\"eael-meta-posted-on\"><i class=\"far fa-clock\"><\/i><time datetime=\"18 de November de 2025\">18 de November de 2025<\/time><\/span><\/div><\/div><\/div><\/div>\n        <\/div>\n    <\/article><article class=\"eael-grid-post eael-post-grid-column\" data-id=\"28810\">\n        <div class=\"eael-grid-post-holder\">\n            <div class=\"eael-grid-post-holder-inner\"><div class=\"eael-entry-media\"><div class=\"eael-entry-overlay fade-in\"><i class=\"fas fa-long-arrow-alt-right\" aria-hidden=\"true\"><\/i><a href=\"https:\/\/www.ifema.es\/fruit-attraction-sao-paulo\/noticias\/porto-de-suape-pe-atuando-para-retomar-o-protagonismo-na-exportacao-de-frutas-brasileiras\/\"><\/a><\/div><div class=\"eael-entry-thumbnail \">\n                                <img loading=\"lazy\" decoding=\"async\" width=\"1280\" height=\"960\" src=\"https:\/\/www.ifema.es\/fruit-attraction-sao-paulo\/wp-content\/uploads\/2025\/04\/suape.jpeg\" class=\"attachment-full size-full wp-image-28813\" alt=\"\" srcset=\"https:\/\/www.ifema.es\/fruit-attraction-sao-paulo\/wp-content\/uploads\/2025\/04\/suape.jpeg 1280w, https:\/\/www.ifema.es\/fruit-attraction-sao-paulo\/wp-content\/uploads\/2025\/04\/suape-300x225.jpeg 300w, https:\/\/www.ifema.es\/fruit-attraction-sao-paulo\/wp-content\/uploads\/2025\/04\/suape-1024x768.jpeg 1024w, https:\/\/www.ifema.es\/fruit-attraction-sao-paulo\/wp-content\/uploads\/2025\/04\/suape-240x180.jpeg 240w\" sizes=\"(max-width: 1280px) 100vw, 1280px\" \/>\n                              <\/div>\n                      <\/div><div class=\"eael-entry-wrapper\"><header class=\"eael-entry-header\"><h2 class=\"eael-entry-title\"><a\n                                    class=\"eael-grid-post-link\"\n                                    href=\"https:\/\/www.ifema.es\/fruit-attraction-sao-paulo\/noticias\/porto-de-suape-pe-atuando-para-retomar-o-protagonismo-na-exportacao-de-frutas-brasileiras\/\"\n                                    title=\"Porto de Suape (PE) atuando para retomar o protagonismo na exporta\u00e7\u00e3o de frutas brasileiras\">Porto de Suape (PE) atuando para retomar o protagonismo na exporta\u00e7\u00e3o de frutas brasileiras<\/a><\/h2><\/header><div class=\"eael-entry-content\">\n                                    <div class=\"eael-grid-post-excerpt\"><p>\u00a0Escrito por Marcio Guiot\u00a0 | Diretor-presidente do Porto de Suape\u00a0...<\/p><a\n                                        href=\"https:\/\/www.ifema.es\/fruit-attraction-sao-paulo\/noticias\/porto-de-suape-pe-atuando-para-retomar-o-protagonismo-na-exportacao-de-frutas-brasileiras\/\"\n                                        class=\"eael-post-elements-readmore-btn\">Ler Mais<\/a><\/div>\n                                <\/div><div class=\"eael-entry-header-after style-two\"><div class=\"eael-entry-meta\"><span class=\"eael-meta-posted-on\"><i class=\"far fa-clock\"><\/i><time datetime=\"3 de April de 2025\">3 de April de 2025<\/time><\/span><\/div><\/div><\/div><\/div>\n        <\/div>\n    <\/article><article class=\"eael-grid-post eael-post-grid-column\" data-id=\"28798\">\n        <div class=\"eael-grid-post-holder\">\n            <div class=\"eael-grid-post-holder-inner\"><div class=\"eael-entry-media\"><div class=\"eael-entry-overlay fade-in\"><i class=\"fas fa-long-arrow-alt-right\" aria-hidden=\"true\"><\/i><a href=\"https:\/\/www.ifema.es\/fruit-attraction-sao-paulo\/noticias\/fruit-attraction-sao-paulo-rodada-de-negocios-supera-marca-de-mais-de-170-participantes-nacionais-e-internacionais\/\"><\/a><\/div><div class=\"eael-entry-thumbnail \">\n                                <img loading=\"lazy\" decoding=\"async\" width=\"2000\" height=\"1333\" src=\"https:\/\/www.ifema.es\/fruit-attraction-sao-paulo\/wp-content\/uploads\/2025\/03\/FRUIT_ATTRACTION_2025_260325_12h_FRAZ0188-copy.jpg\" class=\"attachment-full size-full wp-image-28740\" alt=\"\" srcset=\"https:\/\/www.ifema.es\/fruit-attraction-sao-paulo\/wp-content\/uploads\/2025\/03\/FRUIT_ATTRACTION_2025_260325_12h_FRAZ0188-copy.jpg 2000w, https:\/\/www.ifema.es\/fruit-attraction-sao-paulo\/wp-content\/uploads\/2025\/03\/FRUIT_ATTRACTION_2025_260325_12h_FRAZ0188-copy-300x200.jpg 300w, https:\/\/www.ifema.es\/fruit-attraction-sao-paulo\/wp-content\/uploads\/2025\/03\/FRUIT_ATTRACTION_2025_260325_12h_FRAZ0188-copy-1024x682.jpg 1024w, https:\/\/www.ifema.es\/fruit-attraction-sao-paulo\/wp-content\/uploads\/2025\/03\/FRUIT_ATTRACTION_2025_260325_12h_FRAZ0188-copy-240x160.jpg 240w\" sizes=\"(max-width: 2000px) 100vw, 2000px\" \/>\n                              <\/div>\n                      <\/div><div class=\"eael-entry-wrapper\"><header class=\"eael-entry-header\"><h2 class=\"eael-entry-title\"><a\n                                    class=\"eael-grid-post-link\"\n                                    href=\"https:\/\/www.ifema.es\/fruit-attraction-sao-paulo\/noticias\/fruit-attraction-sao-paulo-rodada-de-negocios-supera-marca-de-mais-de-170-participantes-nacionais-e-internacionais\/\"\n                                    title=\"Fruit Attraction S\u00e3o Paulo: Rodada de Neg\u00f3cios supera marca de mais de 170 participantes nacionais e internacionais\">Fruit Attraction S\u00e3o Paulo: Rodada de Neg\u00f3cios supera marca de mais de 170 participantes nacionais e internacionais<\/a><\/h2><\/header><div class=\"eael-entry-content\">\n                                    <div class=\"eael-grid-post-excerpt\"><p>A Rodada de Neg\u00f3cios (Hosted Buyers) da Fruit Attraction S\u00e3o...<\/p><a\n                                        href=\"https:\/\/www.ifema.es\/fruit-attraction-sao-paulo\/noticias\/fruit-attraction-sao-paulo-rodada-de-negocios-supera-marca-de-mais-de-170-participantes-nacionais-e-internacionais\/\"\n                                        class=\"eael-post-elements-readmore-btn\">Ler Mais<\/a><\/div>\n                                <\/div><div class=\"eael-entry-header-after style-two\"><div class=\"eael-entry-meta\"><span class=\"eael-meta-posted-on\"><i class=\"far fa-clock\"><\/i><time datetime=\"27 de March de 2025\">27 de March de 2025<\/time><\/span><\/div><\/div><\/div><\/div>\n        <\/div>\n    <\/article><article class=\"eael-grid-post eael-post-grid-column\" data-id=\"28716\">\n        <div class=\"eael-grid-post-holder\">\n            <div class=\"eael-grid-post-holder-inner\"><div class=\"eael-entry-media\"><div class=\"eael-entry-overlay fade-in\"><i class=\"fas fa-long-arrow-alt-right\" aria-hidden=\"true\"><\/i><a href=\"https:\/\/www.ifema.es\/fruit-attraction-sao-paulo\/noticias\/fruit-attraction-cna-avalia-potencial-de-expansao-das-exportacoes-das-frutas-brasileiras\/\"><\/a><\/div><div class=\"eael-entry-thumbnail \">\n                                <img loading=\"lazy\" decoding=\"async\" width=\"2000\" height=\"1333\" src=\"https:\/\/www.ifema.es\/fruit-attraction-sao-paulo\/wp-content\/uploads\/2025\/03\/FRUIT_ATTRACTION_2025_260325_16h_INDY1945-1.jpg\" class=\"attachment-full size-full wp-image-28785\" alt=\"\" srcset=\"https:\/\/www.ifema.es\/fruit-attraction-sao-paulo\/wp-content\/uploads\/2025\/03\/FRUIT_ATTRACTION_2025_260325_16h_INDY1945-1.jpg 2000w, https:\/\/www.ifema.es\/fruit-attraction-sao-paulo\/wp-content\/uploads\/2025\/03\/FRUIT_ATTRACTION_2025_260325_16h_INDY1945-1-300x200.jpg 300w, https:\/\/www.ifema.es\/fruit-attraction-sao-paulo\/wp-content\/uploads\/2025\/03\/FRUIT_ATTRACTION_2025_260325_16h_INDY1945-1-1024x682.jpg 1024w, https:\/\/www.ifema.es\/fruit-attraction-sao-paulo\/wp-content\/uploads\/2025\/03\/FRUIT_ATTRACTION_2025_260325_16h_INDY1945-1-240x160.jpg 240w\" sizes=\"(max-width: 2000px) 100vw, 2000px\" \/>\n                              <\/div>\n                      <\/div><div class=\"eael-entry-wrapper\"><header class=\"eael-entry-header\"><h2 class=\"eael-entry-title\"><a\n                                    class=\"eael-grid-post-link\"\n                                    href=\"https:\/\/www.ifema.es\/fruit-attraction-sao-paulo\/noticias\/fruit-attraction-cna-avalia-potencial-de-expansao-das-exportacoes-das-frutas-brasileiras\/\"\n                                    title=\"Fruit Attraction: CNA avalia potencial de expans\u00e3o das exporta\u00e7\u00f5es das frutas brasileiras\">Fruit Attraction: CNA avalia potencial de expans\u00e3o das exporta\u00e7\u00f5es das frutas brasileiras<\/a><\/h2><\/header><div class=\"eael-entry-content\">\n                                    <div class=\"eael-grid-post-excerpt\"><p>Brasil tem potencial para ir al\u00e9m das frutas tradicionais, buscando...<\/p><a\n                                        href=\"https:\/\/www.ifema.es\/fruit-attraction-sao-paulo\/noticias\/fruit-attraction-cna-avalia-potencial-de-expansao-das-exportacoes-das-frutas-brasileiras\/\"\n                                        class=\"eael-post-elements-readmore-btn\">Ler Mais<\/a><\/div>\n                                <\/div><div class=\"eael-entry-header-after style-two\"><div class=\"eael-entry-meta\"><span class=\"eael-meta-posted-on\"><i class=\"far fa-clock\"><\/i><time datetime=\"27 de March de 2025\">27 de March de 2025<\/time><\/span><\/div><\/div><\/div><\/div>\n        <\/div>\n    <\/article><article class=\"eael-grid-post eael-post-grid-column\" data-id=\"28717\">\n        <div class=\"eael-grid-post-holder\">\n            <div class=\"eael-grid-post-holder-inner\"><div class=\"eael-entry-media\"><div class=\"eael-entry-overlay fade-in\"><i class=\"fas fa-long-arrow-alt-right\" aria-hidden=\"true\"><\/i><a href=\"https:\/\/www.ifema.es\/fruit-attraction-sao-paulo\/noticias\/rastreabilidade-e-inovacao-sao-destaques-da-basf-na-segunda-edicao-da-fruit-attraction-sao-paulo\/\"><\/a><\/div><div class=\"eael-entry-thumbnail \">\n                                <img loading=\"lazy\" decoding=\"async\" width=\"2000\" height=\"1333\" src=\"https:\/\/www.ifema.es\/fruit-attraction-sao-paulo\/wp-content\/uploads\/2025\/03\/FRUIT_ATTRACTION_2025_250325_17h_FRAZ0061-1.jpg\" class=\"attachment-full size-full wp-image-28718\" alt=\"\" srcset=\"https:\/\/www.ifema.es\/fruit-attraction-sao-paulo\/wp-content\/uploads\/2025\/03\/FRUIT_ATTRACTION_2025_250325_17h_FRAZ0061-1.jpg 2000w, https:\/\/www.ifema.es\/fruit-attraction-sao-paulo\/wp-content\/uploads\/2025\/03\/FRUIT_ATTRACTION_2025_250325_17h_FRAZ0061-1-300x200.jpg 300w, https:\/\/www.ifema.es\/fruit-attraction-sao-paulo\/wp-content\/uploads\/2025\/03\/FRUIT_ATTRACTION_2025_250325_17h_FRAZ0061-1-1024x682.jpg 1024w, https:\/\/www.ifema.es\/fruit-attraction-sao-paulo\/wp-content\/uploads\/2025\/03\/FRUIT_ATTRACTION_2025_250325_17h_FRAZ0061-1-240x160.jpg 240w\" sizes=\"(max-width: 2000px) 100vw, 2000px\" \/>\n                              <\/div>\n                      <\/div><div class=\"eael-entry-wrapper\"><header class=\"eael-entry-header\"><h2 class=\"eael-entry-title\"><a\n                                    class=\"eael-grid-post-link\"\n                                    href=\"https:\/\/www.ifema.es\/fruit-attraction-sao-paulo\/noticias\/rastreabilidade-e-inovacao-sao-destaques-da-basf-na-segunda-edicao-da-fruit-attraction-sao-paulo\/\"\n                                    title=\"Rastreabilidade e inova\u00e7\u00e3o s\u00e3o destaques da Basf na segunda edi\u00e7\u00e3o da Fruit Attraction S\u00e3o Paulo\">Rastreabilidade e inova\u00e7\u00e3o s\u00e3o destaques da Basf na segunda edi\u00e7\u00e3o da Fruit Attraction S\u00e3o Paulo<\/a><\/h2><\/header><div class=\"eael-entry-content\">\n                                    <div class=\"eael-grid-post-excerpt\"><p>Com baixa quantidade de sementes, melancias Pingo Doce, nas variedades...<\/p><a\n                                        href=\"https:\/\/www.ifema.es\/fruit-attraction-sao-paulo\/noticias\/rastreabilidade-e-inovacao-sao-destaques-da-basf-na-segunda-edicao-da-fruit-attraction-sao-paulo\/\"\n                                        class=\"eael-post-elements-readmore-btn\">Ler Mais<\/a><\/div>\n                                <\/div><div class=\"eael-entry-header-after style-two\"><div class=\"eael-entry-meta\"><span class=\"eael-meta-posted-on\"><i class=\"far fa-clock\"><\/i><time datetime=\"27 de March de 2025\">27 de March de 2025<\/time><\/span><\/div><\/div><\/div><\/div>\n        <\/div>\n    <\/article><article class=\"eael-grid-post eael-post-grid-column\" data-id=\"28702\">\n        <div class=\"eael-grid-post-holder\">\n            <div class=\"eael-grid-post-holder-inner\"><div class=\"eael-entry-media\"><div class=\"eael-entry-overlay fade-in\"><i class=\"fas fa-long-arrow-alt-right\" aria-hidden=\"true\"><\/i><a href=\"https:\/\/www.ifema.es\/fruit-attraction-sao-paulo\/noticias\/fruticultura-brasileira-pode-ir-muito-alem-do-embarque-de-us-1-bilhao-diz-especialista\/\"><\/a><\/div><div class=\"eael-entry-thumbnail \">\n                                <img loading=\"lazy\" decoding=\"async\" width=\"2000\" height=\"1333\" src=\"https:\/\/www.ifema.es\/fruit-attraction-sao-paulo\/wp-content\/uploads\/2025\/03\/foto2.jpg\" class=\"attachment-full size-full wp-image-28703\" alt=\"\" srcset=\"https:\/\/www.ifema.es\/fruit-attraction-sao-paulo\/wp-content\/uploads\/2025\/03\/foto2.jpg 2000w, https:\/\/www.ifema.es\/fruit-attraction-sao-paulo\/wp-content\/uploads\/2025\/03\/foto2-300x200.jpg 300w, https:\/\/www.ifema.es\/fruit-attraction-sao-paulo\/wp-content\/uploads\/2025\/03\/foto2-1024x682.jpg 1024w, https:\/\/www.ifema.es\/fruit-attraction-sao-paulo\/wp-content\/uploads\/2025\/03\/foto2-240x160.jpg 240w\" sizes=\"(max-width: 2000px) 100vw, 2000px\" \/>\n                              <\/div>\n                      <\/div><div class=\"eael-entry-wrapper\"><header class=\"eael-entry-header\"><h2 class=\"eael-entry-title\"><a\n                                    class=\"eael-grid-post-link\"\n                                    href=\"https:\/\/www.ifema.es\/fruit-attraction-sao-paulo\/noticias\/fruticultura-brasileira-pode-ir-muito-alem-do-embarque-de-us-1-bilhao-diz-especialista\/\"\n                                    title=\"Fruticultura brasileira pode ir muito al\u00e9m do embarque de US$ 1 bilh\u00e3o, diz especialista\">Fruticultura brasileira pode ir muito al\u00e9m do embarque de US$ 1 bilh\u00e3o, diz especialista<\/a><\/h2><\/header><div class=\"eael-entry-content\">\n                                    <div class=\"eael-grid-post-excerpt\"><p>N\u00e3o h\u00e1 raz\u00e3o alguma para o setor de frutas ficar...<\/p><a\n                                        href=\"https:\/\/www.ifema.es\/fruit-attraction-sao-paulo\/noticias\/fruticultura-brasileira-pode-ir-muito-alem-do-embarque-de-us-1-bilhao-diz-especialista\/\"\n                                        class=\"eael-post-elements-readmore-btn\">Ler Mais<\/a><\/div>\n                                <\/div><div class=\"eael-entry-header-after style-two\"><div class=\"eael-entry-meta\"><span class=\"eael-meta-posted-on\"><i class=\"far fa-clock\"><\/i><time datetime=\"26 de March de 2025\">26 de March de 2025<\/time><\/span><\/div><\/div><\/div><\/div>\n        <\/div>\n    <\/article><\/div>\n            <div class=\"clearfix\"><\/div>\n        <\/div>            <div class=\"eael-load-more-button-wrap\">\n                <button class=\"eael-load-more-button\" id=\"eael-load-more-btn-a0792f1\" data-widget-id=\"a0792f1\" data-widget=\"a0792f1\" data-page-id=\"662\" data-template=\"{&quot;dir&quot;:&quot;lite&quot;,&quot;file_name&quot;:&quot;default.php&quot;,&quot;name&quot;:&quot;Post-Grid&quot;}\" data-class=\"Essential_Addons_Elementor\\Elements\\Post_Grid\" data-layout=\"grid\" data-page=\"1\" data-args=\"orderby=date&amp;order=desc&amp;ignore_sticky_posts=1&amp;post_status=publish&amp;posts_per_page=20&amp;offset=0&amp;post_type=post&amp;tax_query%5B0%5D%5Btaxonomy%5D=category&amp;tax_query%5B0%5D%5Bfield%5D=term_id&amp;tax_query%5B0%5D%5Bterms%5D%5B0%5D=90&amp;tax_query%5Brelation%5D=AND\" data-max-page=\"3\">\n                    <span class=\"eael-btn-loader button__loader\"><\/span>\n                    <span class=\"eael_load_more_text\">Carregar mais<\/span>\n                <\/button>\n            <\/div>\n            \t\t<\/div>\n\t\t\t\t<\/div>\n\t\t\t\t\t<\/div>\n\t\t\t\t<\/div>\n\t\t\t\t<\/div>\n\t\t","protected":false},"excerpt":{"rendered":"<p>Fruticultor que agrega valor \u00e0 produ\u00e7\u00e3o amplia potencial de exporta\u00e7\u00e3o Tema ser\u00e1 examinado com detalhes no Fruit F\u00f3rum, na 3\u00aa&#8230;. Ler Mais 4 de fevereiro de 2026 Ceagesp, Abimaq, Ibrahort e Empapel se juntam \u00e0 Abrafrutas como parceiros institucionais da Fruit Attraction S\u00e3o Paulo Credenciamento para profissionais dos segmentos de hortali\u00e7as e frutas para&#8230; Ler&#8230;<\/p>\n","protected":false},"author":2,"featured_media":0,"parent":0,"menu_order":0,"comment_status":"closed","ping_status":"closed","template":"","meta":{"_eb_attr":"","inline_featured_image":false,"footnotes":""},"class_list":["post-662","page","type-page","status-publish","hentry"],"yoast_head":"<!-- This site is optimized with the Yoast SEO plugin v27.1.1 - https:\/\/yoast.com\/product\/yoast-seo-wordpress\/ -->\n<title>Release - Fruit Attraction Sao Paulo | IFEMA MADRID INTERNACIONAL<\/title>\n<meta name=\"robots\" content=\"index, follow, max-snippet:-1, max-image-preview:large, max-video-preview:-1\" \/>\n<link rel=\"canonical\" href=\"https:\/\/www.ifema.es\/fruit-attraction-sao-paulo\/press-releases\/\" \/>\n<meta property=\"og:locale\" content=\"es_ES\" \/>\n<meta property=\"og:type\" content=\"article\" \/>\n<meta property=\"og:title\" content=\"Release - Fruit Attraction Sao Paulo | IFEMA MADRID INTERNACIONAL\" \/>\n<meta property=\"og:description\" content=\"Fruticultor que agrega valor \u00e0 produ\u00e7\u00e3o amplia potencial de exporta\u00e7\u00e3o Tema ser\u00e1 examinado com detalhes no Fruit F\u00f3rum, na 3\u00aa&#8230;. Ler Mais 4 de fevereiro de 2026 Ceagesp, Abimaq, Ibrahort e Empapel se juntam \u00e0 Abrafrutas como parceiros institucionais da Fruit Attraction S\u00e3o Paulo Credenciamento para profissionais dos segmentos de hortali\u00e7as e frutas para&#8230; Ler...\" \/>\n<meta property=\"og:url\" content=\"https:\/\/www.ifema.es\/fruit-attraction-sao-paulo\/press-releases\/\" \/>\n<meta property=\"og:site_name\" content=\"Fruit Attraction Sao Paulo | IFEMA MADRID INTERNACIONAL\" \/>\n<meta property=\"article:publisher\" content=\"https:\/\/www.facebook.com\/people\/Fruit-Attraction-So-Paulo\/61553117052718\/\" \/>\n<meta property=\"article:modified_time\" content=\"2026-02-04T20:49:02+00:00\" \/>\n<meta property=\"og:image\" content=\"https:\/\/www.ifema.es\/fruit-attraction-sao-paulo\/wp-content\/uploads\/2025\/03\/FRUIT_ATTRACTION_2025_250325_10h_FRAZ0272-scaled.jpg\" \/>\n\t<meta property=\"og:image:width\" content=\"2560\" \/>\n\t<meta property=\"og:image:height\" content=\"1707\" \/>\n\t<meta property=\"og:image:type\" content=\"image\/jpeg\" \/>\n<meta name=\"twitter:card\" content=\"summary_large_image\" \/>\n<meta name=\"twitter:label1\" content=\"Tiempo de lectura\" \/>\n\t<meta name=\"twitter:data1\" content=\"7 minutes\" \/>\n<script type=\"application\/ld+json\" class=\"yoast-schema-graph\">{\"@context\":\"https:\/\/schema.org\",\"@graph\":[{\"@type\":\"WebPage\",\"@id\":\"https:\/\/www.ifema.es\/fruit-attraction-sao-paulo\/press-releases\/\",\"url\":\"https:\/\/www.ifema.es\/fruit-attraction-sao-paulo\/press-releases\/\",\"name\":\"Release - Fruit Attraction Sao Paulo | IFEMA MADRID INTERNACIONAL\",\"isPartOf\":{\"@id\":\"https:\/\/www.ifema.es\/fruit-attraction-sao-paulo\/#website\"},\"primaryImageOfPage\":{\"@id\":\"https:\/\/www.ifema.es\/fruit-attraction-sao-paulo\/press-releases\/#primaryimage\"},\"image\":{\"@id\":\"https:\/\/www.ifema.es\/fruit-attraction-sao-paulo\/press-releases\/#primaryimage\"},\"thumbnailUrl\":\"https:\/\/www.ifema.es\/fruit-attraction-sao-paulo\/wp-content\/uploads\/2025\/03\/FRUIT_ATTRACTION_2025_250325_10h_FRAZ0272-300x200.jpg\",\"datePublished\":\"2024-01-25T07:58:17+00:00\",\"dateModified\":\"2026-02-04T20:49:02+00:00\",\"inLanguage\":\"es-ES\",\"potentialAction\":[{\"@type\":\"ReadAction\",\"target\":[\"https:\/\/www.ifema.es\/fruit-attraction-sao-paulo\/press-releases\/\"]}]},{\"@type\":\"ImageObject\",\"inLanguage\":\"es-ES\",\"@id\":\"https:\/\/www.ifema.es\/fruit-attraction-sao-paulo\/press-releases\/#primaryimage\",\"url\":\"https:\/\/www.ifema.es\/fruit-attraction-sao-paulo\/wp-content\/uploads\/2025\/03\/FRUIT_ATTRACTION_2025_250325_10h_FRAZ0272-scaled.jpg\",\"contentUrl\":\"https:\/\/www.ifema.es\/fruit-attraction-sao-paulo\/wp-content\/uploads\/2025\/03\/FRUIT_ATTRACTION_2025_250325_10h_FRAZ0272-scaled.jpg\",\"width\":2560,\"height\":1707},{\"@type\":\"WebSite\",\"@id\":\"https:\/\/www.ifema.es\/fruit-attraction-sao-paulo\/#website\",\"url\":\"https:\/\/www.ifema.es\/fruit-attraction-sao-paulo\/\",\"name\":\"Fruit Attraction Sao Paulo | IFEMA MADRID INTERNACIONAL\",\"description\":\"Bienvenido a Fruit Attraction Sao Paulo, la Feria Internacional del Sector de Frutas y Hortalizas. Haz click y descubre todas las novedades de la edici\u00f3n de este a\u00f1o.\",\"publisher\":{\"@id\":\"https:\/\/www.ifema.es\/fruit-attraction-sao-paulo\/#organization\"},\"potentialAction\":[{\"@type\":\"SearchAction\",\"target\":{\"@type\":\"EntryPoint\",\"urlTemplate\":\"https:\/\/www.ifema.es\/fruit-attraction-sao-paulo\/?s={search_term_string}\"},\"query-input\":{\"@type\":\"PropertyValueSpecification\",\"valueRequired\":true,\"valueName\":\"search_term_string\"}}],\"inLanguage\":\"es-ES\"},{\"@type\":\"Organization\",\"@id\":\"https:\/\/www.ifema.es\/fruit-attraction-sao-paulo\/#organization\",\"name\":\"Fruit Attraction Sao Paulo | IFEMA MADRID INTERNACIONAL\",\"url\":\"https:\/\/www.ifema.es\/fruit-attraction-sao-paulo\/\",\"logo\":{\"@type\":\"ImageObject\",\"inLanguage\":\"es-ES\",\"@id\":\"https:\/\/www.ifema.es\/fruit-attraction-sao-paulo\/#\/schema\/logo\/image\/\",\"url\":\"https:\/\/www.ifema.es\/fruit-attraction-sao-paulo\/wp-content\/uploads\/2024\/01\/logo-fruit-attraction-sao-paulo.jpg\",\"contentUrl\":\"https:\/\/www.ifema.es\/fruit-attraction-sao-paulo\/wp-content\/uploads\/2024\/01\/logo-fruit-attraction-sao-paulo.jpg\",\"width\":400,\"height\":300,\"caption\":\"Fruit Attraction Sao Paulo | IFEMA MADRID INTERNACIONAL\"},\"image\":{\"@id\":\"https:\/\/www.ifema.es\/fruit-attraction-sao-paulo\/#\/schema\/logo\/image\/\"},\"sameAs\":[\"https:\/\/www.facebook.com\/people\/Fruit-Attraction-So-Paulo\/61553117052718\/\",\"https:\/\/www.instagram.com\/fruitattraction_saopaulo\/\",\"https:\/\/www.linkedin.com\/company\/fruit-attraction-so-paulo\/\"]}]}<\/script>\n<!-- \/ Yoast SEO plugin. -->","yoast_head_json":{"title":"Release - Fruit Attraction Sao Paulo | IFEMA MADRID INTERNACIONAL","robots":{"index":"index","follow":"follow","max-snippet":"max-snippet:-1","max-image-preview":"max-image-preview:large","max-video-preview":"max-video-preview:-1"},"canonical":"https:\/\/www.ifema.es\/fruit-attraction-sao-paulo\/press-releases\/","og_locale":"es_ES","og_type":"article","og_title":"Release - Fruit Attraction Sao Paulo | IFEMA MADRID INTERNACIONAL","og_description":"Fruticultor que agrega valor \u00e0 produ\u00e7\u00e3o amplia potencial de exporta\u00e7\u00e3o Tema ser\u00e1 examinado com detalhes no Fruit F\u00f3rum, na 3\u00aa&#8230;. Ler Mais 4 de fevereiro de 2026 Ceagesp, Abimaq, Ibrahort e Empapel se juntam \u00e0 Abrafrutas como parceiros institucionais da Fruit Attraction S\u00e3o Paulo Credenciamento para profissionais dos segmentos de hortali\u00e7as e frutas para&#8230; Ler...","og_url":"https:\/\/www.ifema.es\/fruit-attraction-sao-paulo\/press-releases\/","og_site_name":"Fruit Attraction Sao Paulo | IFEMA MADRID INTERNACIONAL","article_publisher":"https:\/\/www.facebook.com\/people\/Fruit-Attraction-So-Paulo\/61553117052718\/","article_modified_time":"2026-02-04T20:49:02+00:00","og_image":[{"width":2560,"height":1707,"url":"https:\/\/www.ifema.es\/fruit-attraction-sao-paulo\/wp-content\/uploads\/2025\/03\/FRUIT_ATTRACTION_2025_250325_10h_FRAZ0272-scaled.jpg","type":"image\/jpeg"}],"twitter_card":"summary_large_image","twitter_misc":{"Tiempo de lectura":"7 minutes"},"schema":{"@context":"https:\/\/schema.org","@graph":[{"@type":"WebPage","@id":"https:\/\/www.ifema.es\/fruit-attraction-sao-paulo\/press-releases\/","url":"https:\/\/www.ifema.es\/fruit-attraction-sao-paulo\/press-releases\/","name":"Release - Fruit Attraction Sao Paulo | IFEMA MADRID INTERNACIONAL","isPartOf":{"@id":"https:\/\/www.ifema.es\/fruit-attraction-sao-paulo\/#website"},"primaryImageOfPage":{"@id":"https:\/\/www.ifema.es\/fruit-attraction-sao-paulo\/press-releases\/#primaryimage"},"image":{"@id":"https:\/\/www.ifema.es\/fruit-attraction-sao-paulo\/press-releases\/#primaryimage"},"thumbnailUrl":"https:\/\/www.ifema.es\/fruit-attraction-sao-paulo\/wp-content\/uploads\/2025\/03\/FRUIT_ATTRACTION_2025_250325_10h_FRAZ0272-300x200.jpg","datePublished":"2024-01-25T07:58:17+00:00","dateModified":"2026-02-04T20:49:02+00:00","inLanguage":"es-ES","potentialAction":[{"@type":"ReadAction","target":["https:\/\/www.ifema.es\/fruit-attraction-sao-paulo\/press-releases\/"]}]},{"@type":"ImageObject","inLanguage":"es-ES","@id":"https:\/\/www.ifema.es\/fruit-attraction-sao-paulo\/press-releases\/#primaryimage","url":"https:\/\/www.ifema.es\/fruit-attraction-sao-paulo\/wp-content\/uploads\/2025\/03\/FRUIT_ATTRACTION_2025_250325_10h_FRAZ0272-scaled.jpg","contentUrl":"https:\/\/www.ifema.es\/fruit-attraction-sao-paulo\/wp-content\/uploads\/2025\/03\/FRUIT_ATTRACTION_2025_250325_10h_FRAZ0272-scaled.jpg","width":2560,"height":1707},{"@type":"WebSite","@id":"https:\/\/www.ifema.es\/fruit-attraction-sao-paulo\/#website","url":"https:\/\/www.ifema.es\/fruit-attraction-sao-paulo\/","name":"Fruit Attraction Sao Paulo | IFEMA MADRID INTERNACIONAL","description":"Bienvenido a Fruit Attraction Sao Paulo, la Feria Internacional del Sector de Frutas y Hortalizas. Haz click y descubre todas las novedades de la edici\u00f3n de este a\u00f1o.","publisher":{"@id":"https:\/\/www.ifema.es\/fruit-attraction-sao-paulo\/#organization"},"potentialAction":[{"@type":"SearchAction","target":{"@type":"EntryPoint","urlTemplate":"https:\/\/www.ifema.es\/fruit-attraction-sao-paulo\/?s={search_term_string}"},"query-input":{"@type":"PropertyValueSpecification","valueRequired":true,"valueName":"search_term_string"}}],"inLanguage":"es-ES"},{"@type":"Organization","@id":"https:\/\/www.ifema.es\/fruit-attraction-sao-paulo\/#organization","name":"Fruit Attraction Sao Paulo | IFEMA MADRID INTERNACIONAL","url":"https:\/\/www.ifema.es\/fruit-attraction-sao-paulo\/","logo":{"@type":"ImageObject","inLanguage":"es-ES","@id":"https:\/\/www.ifema.es\/fruit-attraction-sao-paulo\/#\/schema\/logo\/image\/","url":"https:\/\/www.ifema.es\/fruit-attraction-sao-paulo\/wp-content\/uploads\/2024\/01\/logo-fruit-attraction-sao-paulo.jpg","contentUrl":"https:\/\/www.ifema.es\/fruit-attraction-sao-paulo\/wp-content\/uploads\/2024\/01\/logo-fruit-attraction-sao-paulo.jpg","width":400,"height":300,"caption":"Fruit Attraction Sao Paulo | IFEMA MADRID INTERNACIONAL"},"image":{"@id":"https:\/\/www.ifema.es\/fruit-attraction-sao-paulo\/#\/schema\/logo\/image\/"},"sameAs":["https:\/\/www.facebook.com\/people\/Fruit-Attraction-So-Paulo\/61553117052718\/","https:\/\/www.instagram.com\/fruitattraction_saopaulo\/","https:\/\/www.linkedin.com\/company\/fruit-attraction-so-paulo\/"]}]}},"_links":{"self":[{"href":"https:\/\/www.ifema.es\/fruit-attraction-sao-paulo\/wp-json\/wp\/v2\/pages\/662","targetHints":{"allow":["GET"]}}],"collection":[{"href":"https:\/\/www.ifema.es\/fruit-attraction-sao-paulo\/wp-json\/wp\/v2\/pages"}],"about":[{"href":"https:\/\/www.ifema.es\/fruit-attraction-sao-paulo\/wp-json\/wp\/v2\/types\/page"}],"author":[{"embeddable":true,"href":"https:\/\/www.ifema.es\/fruit-attraction-sao-paulo\/wp-json\/wp\/v2\/users\/2"}],"replies":[{"embeddable":true,"href":"https:\/\/www.ifema.es\/fruit-attraction-sao-paulo\/wp-json\/wp\/v2\/comments?post=662"}],"version-history":[{"count":30,"href":"https:\/\/www.ifema.es\/fruit-attraction-sao-paulo\/wp-json\/wp\/v2\/pages\/662\/revisions"}],"predecessor-version":[{"id":30975,"href":"https:\/\/www.ifema.es\/fruit-attraction-sao-paulo\/wp-json\/wp\/v2\/pages\/662\/revisions\/30975"}],"wp:attachment":[{"href":"https:\/\/www.ifema.es\/fruit-attraction-sao-paulo\/wp-json\/wp\/v2\/media?parent=662"}],"curies":[{"name":"wp","href":"https:\/\/api.w.org\/{rel}","templated":true}]}}