{"id":10114,"date":"2022-09-26T10:44:26","date_gmt":"2022-09-26T10:44:26","guid":{"rendered":"https:\/\/www.ifema.es\/estampa\/catalogo\/?post_type=obras&#038;p=10114"},"modified":"2022-09-26T10:45:50","modified_gmt":"2022-09-26T10:45:50","slug":"accion-2","status":"publish","type":"obras","link":"https:\/\/www.ifema.es\/estampa\/catalogo\/obras\/accion-2\/","title":{"rendered":"Acci\u00f3n"},"content":{"rendered":"\t\t<div data-elementor-type=\"wp-post\" data-elementor-id=\"10114\" class=\"elementor elementor-10114\" data-elementor-post-type=\"obras\">\n\t\t\t\t\t\t<section class=\"elementor-section elementor-top-section elementor-element elementor-element-35995365 elementor-section-boxed elementor-section-height-default elementor-section-height-default\" data-id=\"35995365\" data-element_type=\"section\">\n\t\t\t\t\t\t<div class=\"elementor-container elementor-column-gap-default\">\n\t\t\t\t\t<div class=\"elementor-column elementor-col-100 elementor-top-column elementor-element elementor-element-163de88f\" data-id=\"163de88f\" data-element_type=\"column\">\n\t\t\t<div class=\"elementor-widget-wrap elementor-element-populated\">\n\t\t\t\t\t\t<div class=\"elementor-element elementor-element-1916f298 elementor-widget elementor-widget-text-editor\" data-id=\"1916f298\" data-element_type=\"widget\" data-widget_type=\"text-editor.default\">\n\t\t\t\t<div class=\"elementor-widget-container\">\n\t\t\t\t\t\t\t<p>Programa General<\/p>\t\t\t\t\t\t<\/div>\n\t\t\t\t<\/div>\n\t\t\t\t\t<\/div>\n\t\t<\/div>\n\t\t\t\t\t<\/div>\n\t\t<\/section>\n\t\t\t\t<section class=\"elementor-section elementor-top-section elementor-element elementor-element-5da860c4 elementor-section-boxed elementor-section-height-default elementor-section-height-default\" data-id=\"5da860c4\" data-element_type=\"section\">\n\t\t\t\t\t\t<div class=\"elementor-container elementor-column-gap-default\">\n\t\t\t\t\t<div class=\"elementor-column elementor-col-100 elementor-top-column elementor-element elementor-element-3e497d64\" data-id=\"3e497d64\" data-element_type=\"column\">\n\t\t\t<div class=\"elementor-widget-wrap elementor-element-populated\">\n\t\t\t\t\t\t<div class=\"elementor-element elementor-element-4cda0bf3 elementor-widget elementor-widget-heading\" data-id=\"4cda0bf3\" data-element_type=\"widget\" data-widget_type=\"heading.default\">\n\t\t\t\t<div class=\"elementor-widget-container\">\n\t\t\t<h1 class=\"elementor-heading-title elementor-size-default\">Aurora Vigil-Escalera Galer\u00eda de Arte\n<\/h1>\t\t<\/div>\n\t\t\t\t<\/div>\n\t\t\t\t\t<\/div>\n\t\t<\/div>\n\t\t\t\t\t<\/div>\n\t\t<\/section>\n\t\t\t\t<section class=\"elementor-section elementor-top-section elementor-element elementor-element-7807f828 elementor-section-boxed elementor-section-height-default elementor-section-height-default\" data-id=\"7807f828\" data-element_type=\"section\">\n\t\t\t\t\t\t<div class=\"elementor-container elementor-column-gap-default\">\n\t\t\t\t\t<div class=\"elementor-column elementor-col-100 elementor-top-column elementor-element elementor-element-3bb09f51\" data-id=\"3bb09f51\" data-element_type=\"column\">\n\t\t\t<div class=\"elementor-widget-wrap elementor-element-populated\">\n\t\t\t\t\t\t<div class=\"elementor-element elementor-element-3b02de82 elementor-widget-divider--view-line elementor-widget elementor-widget-divider\" data-id=\"3b02de82\" data-element_type=\"widget\" data-widget_type=\"divider.default\">\n\t\t\t\t<div class=\"elementor-widget-container\">\n\t\t\t\t\t<div class=\"elementor-divider\">\n\t\t\t<span class=\"elementor-divider-separator\">\n\t\t\t\t\t\t<\/span>\n\t\t<\/div>\n\t\t\t\t<\/div>\n\t\t\t\t<\/div>\n\t\t\t\t\t<\/div>\n\t\t<\/div>\n\t\t\t\t\t<\/div>\n\t\t<\/section>\n\t\t\t\t<section class=\"elementor-section elementor-top-section elementor-element elementor-element-1ca94e24 elementor-section-boxed elementor-section-height-default elementor-section-height-default\" data-id=\"1ca94e24\" data-element_type=\"section\">\n\t\t\t\t\t\t<div class=\"elementor-container elementor-column-gap-default\">\n\t\t\t\t\t<div class=\"elementor-column elementor-col-50 elementor-top-column elementor-element elementor-element-2236d6cb\" data-id=\"2236d6cb\" data-element_type=\"column\">\n\t\t\t<div class=\"elementor-widget-wrap elementor-element-populated\">\n\t\t\t\t\t\t<section class=\"elementor-section elementor-inner-section elementor-element elementor-element-6d6282a2 elementor-section-boxed elementor-section-height-default elementor-section-height-default\" data-id=\"6d6282a2\" data-element_type=\"section\">\n\t\t\t\t\t\t<div class=\"elementor-container elementor-column-gap-default\">\n\t\t\t\t\t<div class=\"elementor-column elementor-col-50 elementor-inner-column elementor-element elementor-element-5ca0c518\" data-id=\"5ca0c518\" data-element_type=\"column\">\n\t\t\t<div class=\"elementor-widget-wrap elementor-element-populated\">\n\t\t\t\t\t\t<div class=\"elementor-element elementor-element-2e36e99b elementor-view-default elementor-widget elementor-widget-icon\" data-id=\"2e36e99b\" data-element_type=\"widget\" data-widget_type=\"icon.default\">\n\t\t\t\t<div class=\"elementor-widget-container\">\n\t\t\t\t\t<div class=\"elementor-icon-wrapper\">\n\t\t\t<div class=\"elementor-icon\">\n\t\t\t<i aria-hidden=\"true\" class=\"icon icon-right\"><\/i>\t\t\t<\/div>\n\t\t<\/div>\n\t\t\t\t<\/div>\n\t\t\t\t<\/div>\n\t\t\t\t\t<\/div>\n\t\t<\/div>\n\t\t\t\t<div class=\"elementor-column elementor-col-50 elementor-inner-column elementor-element elementor-element-4e75d089\" data-id=\"4e75d089\" data-element_type=\"column\">\n\t\t\t<div class=\"elementor-widget-wrap elementor-element-populated\">\n\t\t\t\t\t\t<div class=\"elementor-element elementor-element-3bc3a12e elementor-widget elementor-widget-text-editor\" data-id=\"3bc3a12e\" data-element_type=\"widget\" data-widget_type=\"text-editor.default\">\n\t\t\t\t<div class=\"elementor-widget-container\">\n\t\t\t\t\t\t\t<p><a href=\"https:\/\/www.ifema.es\/estampa\/catalogo\/aurora-vigil-escalera-galeria-de-arte\/\">Volver al cat\u00e1logo<\/a><\/p>\t\t\t\t\t\t<\/div>\n\t\t\t\t<\/div>\n\t\t\t\t\t<\/div>\n\t\t<\/div>\n\t\t\t\t\t<\/div>\n\t\t<\/section>\n\t\t\t\t\t<\/div>\n\t\t<\/div>\n\t\t\t\t<div class=\"elementor-column elementor-col-50 elementor-top-column elementor-element elementor-element-4e0cabae\" data-id=\"4e0cabae\" data-element_type=\"column\">\n\t\t\t<div class=\"elementor-widget-wrap\">\n\t\t\t\t\t\t\t<\/div>\n\t\t<\/div>\n\t\t\t\t\t<\/div>\n\t\t<\/section>\n\t\t\t\t<section class=\"elementor-section elementor-top-section elementor-element elementor-element-219a2c95 elementor-section-boxed elementor-section-height-default elementor-section-height-default\" data-id=\"219a2c95\" data-element_type=\"section\">\n\t\t\t\t\t\t<div class=\"elementor-container elementor-column-gap-default\">\n\t\t\t\t\t<div class=\"elementor-column elementor-col-50 elementor-top-column elementor-element elementor-element-1272989\" data-id=\"1272989\" data-element_type=\"column\">\n\t\t\t<div class=\"elementor-widget-wrap elementor-element-populated\">\n\t\t\t\t\t\t<div class=\"elementor-element elementor-element-6c0e0bd1 elementor-widget elementor-widget-image\" data-id=\"6c0e0bd1\" data-element_type=\"widget\" data-widget_type=\"image.default\">\n\t\t\t\t<div class=\"elementor-widget-container\">\n\t\t\t\t\t\t\t\t\t\t\t\t\t<img fetchpriority=\"high\" decoding=\"async\" width=\"1984\" height=\"1461\" src=\"https:\/\/www.ifema.es\/estampa\/catalogo\/wp-content\/uploads\/2022\/09\/Accion_9_10_74_x_100_cm_2019_Ed._9_10.png\" class=\"attachment-full size-full wp-image-10099\" alt=\"\" srcset=\"https:\/\/www.ifema.es\/estampa\/catalogo\/wp-content\/uploads\/2022\/09\/Accion_9_10_74_x_100_cm_2019_Ed._9_10.png 1984w, https:\/\/www.ifema.es\/estampa\/catalogo\/wp-content\/uploads\/2022\/09\/Accion_9_10_74_x_100_cm_2019_Ed._9_10-300x221.png 300w, https:\/\/www.ifema.es\/estampa\/catalogo\/wp-content\/uploads\/2022\/09\/Accion_9_10_74_x_100_cm_2019_Ed._9_10-1024x754.png 1024w, https:\/\/www.ifema.es\/estampa\/catalogo\/wp-content\/uploads\/2022\/09\/Accion_9_10_74_x_100_cm_2019_Ed._9_10-768x566.png 768w, https:\/\/www.ifema.es\/estampa\/catalogo\/wp-content\/uploads\/2022\/09\/Accion_9_10_74_x_100_cm_2019_Ed._9_10-1536x1131.png 1536w\" sizes=\"(max-width: 1984px) 100vw, 1984px\" \/>\t\t\t\t\t\t\t\t\t\t\t\t\t<\/div>\n\t\t\t\t<\/div>\n\t\t\t\t\t<\/div>\n\t\t<\/div>\n\t\t\t\t<div class=\"elementor-column elementor-col-50 elementor-top-column elementor-element elementor-element-38200188\" data-id=\"38200188\" data-element_type=\"column\">\n\t\t\t<div class=\"elementor-widget-wrap elementor-element-populated\">\n\t\t\t\t\t\t<div class=\"elementor-element elementor-element-33bb6345 elementor-widget elementor-widget-text-editor\" data-id=\"33bb6345\" data-element_type=\"widget\" data-widget_type=\"text-editor.default\">\n\t\t\t\t<div class=\"elementor-widget-container\">\n\t\t\t\t\t\t\t<p>Juan Genov\u00e9s<\/p>\t\t\t\t\t\t<\/div>\n\t\t\t\t<\/div>\n\t\t\t\t<div class=\"elementor-element elementor-element-313e1c88 elementor-widget elementor-widget-text-editor\" data-id=\"313e1c88\" data-element_type=\"widget\" data-widget_type=\"text-editor.default\">\n\t\t\t\t<div class=\"elementor-widget-container\">\n\t\t\t\t\t\t\t<p>Acci\u00f3n<\/p>\t\t\t\t\t\t<\/div>\n\t\t\t\t<\/div>\n\t\t\t\t<div class=\"elementor-element elementor-element-2c738a61 elementor-widget elementor-widget-text-editor\" data-id=\"2c738a61\" data-element_type=\"widget\" data-widget_type=\"text-editor.default\">\n\t\t\t\t<div class=\"elementor-widget-container\">\n\t\t\t\t\t\t\t2019\t\t\t\t\t\t<\/div>\n\t\t\t\t<\/div>\n\t\t\t\t<div class=\"elementor-element elementor-element-7b328574 elementor-widget elementor-widget-text-editor\" data-id=\"7b328574\" data-element_type=\"widget\" data-widget_type=\"text-editor.default\">\n\t\t\t\t<div class=\"elementor-widget-container\">\n\t\t\t\t\t\t\t<p>74 x 100 cm<\/p>\t\t\t\t\t\t<\/div>\n\t\t\t\t<\/div>\n\t\t\t\t<div class=\"elementor-element elementor-element-22e3f3c7 elementor-widget elementor-widget-text-editor\" data-id=\"22e3f3c7\" data-element_type=\"widget\" data-widget_type=\"text-editor.default\">\n\t\t\t\t<div class=\"elementor-widget-container\">\n\t\t\t\t\t\t\tGicl\u00e9e sobre papel Hahnem\u00fchle muy intervenido a mano por el artista\t\t\t\t\t\t<\/div>\n\t\t\t\t<\/div>\n\t\t\t\t<div class=\"elementor-element elementor-element-7b66186c elementor-widget elementor-widget-button\" data-id=\"7b66186c\" data-element_type=\"widget\" data-widget_type=\"button.default\">\n\t\t\t\t<div class=\"elementor-widget-container\">\n\t\t\t\t\t<div class=\"elementor-button-wrapper\">\n\t\t\t<a class=\"elementor-button elementor-button-link elementor-size-sm\" href=\"#elementor-action%3Aaction%3Dpopup%3Aopen%26settings%3DeyJpZCI6IjEyMTkiLCJ0b2dnbGUiOmZhbHNlfQ%3D%3D\">\n\t\t\t\t\t\t<span class=\"elementor-button-content-wrapper\">\n\t\t\t\t\t\t\t\t\t<span class=\"elementor-button-text\">Me interesa<\/span>\n\t\t\t\t\t<\/span>\n\t\t\t\t\t<\/a>\n\t\t<\/div>\n\t\t\t\t<\/div>\n\t\t\t\t<\/div>\n\t\t\t\t\t<\/div>\n\t\t<\/div>\n\t\t\t\t\t<\/div>\n\t\t<\/section>\n\t\t\t\t<\/div>\n\t\t","protected":false},"featured_media":10099,"template":"","galeria":[],"wf_obras_folders":[],"class_list":["post-10114","obras","type-obras","status-publish","has-post-thumbnail","hentry"],"yoast_head":"<!-- This site is optimized with the Yoast SEO plugin v22.5 - https:\/\/yoast.com\/wordpress\/plugins\/seo\/ -->\n<title>Acci\u00f3n - Estampa digital<\/title>\n<meta name=\"robots\" content=\"noindex, follow, max-snippet:-1, max-image-preview:large, max-video-preview:-1\" \/>\n<meta property=\"og:locale\" content=\"es_ES\" \/>\n<meta property=\"og:type\" content=\"article\" \/>\n<meta property=\"og:title\" content=\"Acci\u00f3n - Estampa digital\" \/>\n<meta property=\"og:description\" content=\"Programa General Aurora Vigil-Escalera Galer\u00eda de Arte Volver al cat\u00e1logo Juan Genov\u00e9s Acci\u00f3n 74 x 100 cm Me interesa\" \/>\n<meta property=\"og:url\" content=\"https:\/\/www.ifema.es\/estampa\/catalogo\/obras\/accion-2\/\" \/>\n<meta property=\"og:site_name\" content=\"Estampa digital\" \/>\n<meta property=\"article:modified_time\" content=\"2022-09-26T10:45:50+00:00\" \/>\n<meta property=\"og:image\" content=\"http:\/\/www.ifema.es\/estampa\/catalogo\/wp-content\/uploads\/2022\/09\/Accion_9_10_74_x_100_cm_2019_Ed._9_10-1024x754.png\" \/>\n\t<meta property=\"og:image:width\" content=\"1024\" \/>\n\t<meta property=\"og:image:height\" content=\"754\" \/>\n\t<meta property=\"og:image:type\" content=\"image\/png\" \/>\n<meta name=\"twitter:card\" content=\"summary_large_image\" \/>\n<meta name=\"twitter:label1\" content=\"Tiempo de lectura\" \/>\n\t<meta name=\"twitter:data1\" content=\"1 minuto\" \/>\n<script type=\"application\/ld+json\" class=\"yoast-schema-graph\">{\"@context\":\"https:\/\/schema.org\",\"@graph\":[{\"@type\":\"WebPage\",\"@id\":\"https:\/\/www.ifema.es\/estampa\/catalogo\/obras\/accion-2\/\",\"url\":\"https:\/\/www.ifema.es\/estampa\/catalogo\/obras\/accion-2\/\",\"name\":\"Acci\u00f3n - Estampa digital\",\"isPartOf\":{\"@id\":\"https:\/\/www.ifema.es\/estampa\/catalogo\/#website\"},\"primaryImageOfPage\":{\"@id\":\"https:\/\/www.ifema.es\/estampa\/catalogo\/obras\/accion-2\/#primaryimage\"},\"image\":{\"@id\":\"https:\/\/www.ifema.es\/estampa\/catalogo\/obras\/accion-2\/#primaryimage\"},\"thumbnailUrl\":\"https:\/\/www.ifema.es\/estampa\/catalogo\/wp-content\/uploads\/2022\/09\/Accion_9_10_74_x_100_cm_2019_Ed._9_10.png\",\"datePublished\":\"2022-09-26T10:44:26+00:00\",\"dateModified\":\"2022-09-26T10:45:50+00:00\",\"breadcrumb\":{\"@id\":\"https:\/\/www.ifema.es\/estampa\/catalogo\/obras\/accion-2\/#breadcrumb\"},\"inLanguage\":\"es\",\"potentialAction\":[{\"@type\":\"ReadAction\",\"target\":[\"https:\/\/www.ifema.es\/estampa\/catalogo\/obras\/accion-2\/\"]}]},{\"@type\":\"ImageObject\",\"inLanguage\":\"es\",\"@id\":\"https:\/\/www.ifema.es\/estampa\/catalogo\/obras\/accion-2\/#primaryimage\",\"url\":\"https:\/\/www.ifema.es\/estampa\/catalogo\/wp-content\/uploads\/2022\/09\/Accion_9_10_74_x_100_cm_2019_Ed._9_10.png\",\"contentUrl\":\"https:\/\/www.ifema.es\/estampa\/catalogo\/wp-content\/uploads\/2022\/09\/Accion_9_10_74_x_100_cm_2019_Ed._9_10.png\",\"width\":1984,\"height\":1461},{\"@type\":\"BreadcrumbList\",\"@id\":\"https:\/\/www.ifema.es\/estampa\/catalogo\/obras\/accion-2\/#breadcrumb\",\"itemListElement\":[{\"@type\":\"ListItem\",\"position\":1,\"name\":\"Portada\",\"item\":\"https:\/\/www.ifema.es\/estampa\/catalogo\/\"},{\"@type\":\"ListItem\",\"position\":2,\"name\":\"Obras\",\"item\":\"https:\/\/www.ifema.es\/estampa\/catalogo\/obras\/\"},{\"@type\":\"ListItem\",\"position\":3,\"name\":\"Acci\u00f3n\"}]},{\"@type\":\"WebSite\",\"@id\":\"https:\/\/www.ifema.es\/estampa\/catalogo\/#website\",\"url\":\"https:\/\/www.ifema.es\/estampa\/catalogo\/\",\"name\":\"Estampa digital\",\"description\":\"\",\"potentialAction\":[{\"@type\":\"SearchAction\",\"target\":{\"@type\":\"EntryPoint\",\"urlTemplate\":\"https:\/\/www.ifema.es\/estampa\/catalogo\/?s={search_term_string}\"},\"query-input\":\"required name=search_term_string\"}],\"inLanguage\":\"es\"}]}<\/script>\n<!-- \/ Yoast SEO plugin. -->","yoast_head_json":{"title":"Acci\u00f3n - Estampa digital","robots":{"index":"noindex","follow":"follow","max-snippet":"max-snippet:-1","max-image-preview":"max-image-preview:large","max-video-preview":"max-video-preview:-1"},"og_locale":"es_ES","og_type":"article","og_title":"Acci\u00f3n - Estampa digital","og_description":"Programa General Aurora Vigil-Escalera Galer\u00eda de Arte Volver al cat\u00e1logo Juan Genov\u00e9s Acci\u00f3n 74 x 100 cm Me interesa","og_url":"https:\/\/www.ifema.es\/estampa\/catalogo\/obras\/accion-2\/","og_site_name":"Estampa digital","article_modified_time":"2022-09-26T10:45:50+00:00","og_image":[{"width":1024,"height":754,"url":"http:\/\/www.ifema.es\/estampa\/catalogo\/wp-content\/uploads\/2022\/09\/Accion_9_10_74_x_100_cm_2019_Ed._9_10-1024x754.png","type":"image\/png"}],"twitter_card":"summary_large_image","twitter_misc":{"Tiempo de lectura":"1 minuto"},"schema":{"@context":"https:\/\/schema.org","@graph":[{"@type":"WebPage","@id":"https:\/\/www.ifema.es\/estampa\/catalogo\/obras\/accion-2\/","url":"https:\/\/www.ifema.es\/estampa\/catalogo\/obras\/accion-2\/","name":"Acci\u00f3n - Estampa digital","isPartOf":{"@id":"https:\/\/www.ifema.es\/estampa\/catalogo\/#website"},"primaryImageOfPage":{"@id":"https:\/\/www.ifema.es\/estampa\/catalogo\/obras\/accion-2\/#primaryimage"},"image":{"@id":"https:\/\/www.ifema.es\/estampa\/catalogo\/obras\/accion-2\/#primaryimage"},"thumbnailUrl":"https:\/\/www.ifema.es\/estampa\/catalogo\/wp-content\/uploads\/2022\/09\/Accion_9_10_74_x_100_cm_2019_Ed._9_10.png","datePublished":"2022-09-26T10:44:26+00:00","dateModified":"2022-09-26T10:45:50+00:00","breadcrumb":{"@id":"https:\/\/www.ifema.es\/estampa\/catalogo\/obras\/accion-2\/#breadcrumb"},"inLanguage":"es","potentialAction":[{"@type":"ReadAction","target":["https:\/\/www.ifema.es\/estampa\/catalogo\/obras\/accion-2\/"]}]},{"@type":"ImageObject","inLanguage":"es","@id":"https:\/\/www.ifema.es\/estampa\/catalogo\/obras\/accion-2\/#primaryimage","url":"https:\/\/www.ifema.es\/estampa\/catalogo\/wp-content\/uploads\/2022\/09\/Accion_9_10_74_x_100_cm_2019_Ed._9_10.png","contentUrl":"https:\/\/www.ifema.es\/estampa\/catalogo\/wp-content\/uploads\/2022\/09\/Accion_9_10_74_x_100_cm_2019_Ed._9_10.png","width":1984,"height":1461},{"@type":"BreadcrumbList","@id":"https:\/\/www.ifema.es\/estampa\/catalogo\/obras\/accion-2\/#breadcrumb","itemListElement":[{"@type":"ListItem","position":1,"name":"Portada","item":"https:\/\/www.ifema.es\/estampa\/catalogo\/"},{"@type":"ListItem","position":2,"name":"Obras","item":"https:\/\/www.ifema.es\/estampa\/catalogo\/obras\/"},{"@type":"ListItem","position":3,"name":"Acci\u00f3n"}]},{"@type":"WebSite","@id":"https:\/\/www.ifema.es\/estampa\/catalogo\/#website","url":"https:\/\/www.ifema.es\/estampa\/catalogo\/","name":"Estampa digital","description":"","potentialAction":[{"@type":"SearchAction","target":{"@type":"EntryPoint","urlTemplate":"https:\/\/www.ifema.es\/estampa\/catalogo\/?s={search_term_string}"},"query-input":"required name=search_term_string"}],"inLanguage":"es"}]}},"_links":{"self":[{"href":"https:\/\/www.ifema.es\/estampa\/catalogo\/wp-json\/wp\/v2\/obras\/10114","targetHints":{"allow":["GET"]}}],"collection":[{"href":"https:\/\/www.ifema.es\/estampa\/catalogo\/wp-json\/wp\/v2\/obras"}],"about":[{"href":"https:\/\/www.ifema.es\/estampa\/catalogo\/wp-json\/wp\/v2\/types\/obras"}],"version-history":[{"count":4,"href":"https:\/\/www.ifema.es\/estampa\/catalogo\/wp-json\/wp\/v2\/obras\/10114\/revisions"}],"predecessor-version":[{"id":10118,"href":"https:\/\/www.ifema.es\/estampa\/catalogo\/wp-json\/wp\/v2\/obras\/10114\/revisions\/10118"}],"wp:featuredmedia":[{"embeddable":true,"href":"https:\/\/www.ifema.es\/estampa\/catalogo\/wp-json\/wp\/v2\/media\/10099"}],"wp:attachment":[{"href":"https:\/\/www.ifema.es\/estampa\/catalogo\/wp-json\/wp\/v2\/media?parent=10114"}],"wp:term":[{"taxonomy":"galeria","embeddable":true,"href":"https:\/\/www.ifema.es\/estampa\/catalogo\/wp-json\/wp\/v2\/galeria?post=10114"},{"taxonomy":"wf_obras_folders","embeddable":true,"href":"https:\/\/www.ifema.es\/estampa\/catalogo\/wp-json\/wp\/v2\/wf_obras_folders?post=10114"}],"curies":[{"name":"wp","href":"https:\/\/api.w.org\/{rel}","templated":true}]}}